{"id":2316,"date":"2024-02-20T14:24:59","date_gmt":"2024-02-20T14:24:59","guid":{"rendered":"https:\/\/www.antoniporta.com\/politica-de-privacidad\/"},"modified":"2025-12-03T10:05:39","modified_gmt":"2025-12-03T10:05:39","slug":"politica-de-privacidad","status":"publish","type":"page","link":"https:\/\/www.antoniporta.com\/es\/politica-de-privacidad\/","title":{"rendered":"Pol\u00edtica de privacidad"},"content":{"rendered":"\t\t<div data-elementor-type=\"wp-page\" data-elementor-id=\"2316\" class=\"elementor elementor-2316 elementor-2311\">\n\t\t\t\t\t\t<section class=\"elementor-section elementor-top-section elementor-element elementor-element-fca0a4c elementor-section-boxed elementor-section-height-default elementor-section-height-default parallax_section_no qode_elementor_container_no qode-content-aligment-left\" data-id=\"fca0a4c\" data-element_type=\"section\">\n\t\t\t\t\t\t<div class=\"elementor-container elementor-column-gap-default\">\n\t\t\t\t\t<div class=\"elementor-column elementor-col-100 elementor-top-column elementor-element elementor-element-ffc0555\" data-id=\"ffc0555\" data-element_type=\"column\">\n\t\t\t<div class=\"elementor-widget-wrap elementor-element-populated\">\n\t\t\t\t\t\t<div class=\"elementor-element elementor-element-2a49453 elementor-widget elementor-widget-text-editor\" data-id=\"2a49453\" data-element_type=\"widget\" data-widget_type=\"text-editor.default\">\n\t\t\t\t<div class=\"elementor-widget-container\">\n\t\t\t\t\t\t\t\t\t<p>A efectos de lo previsto en el Reglamento (UE) 2016\/679 de 27 de abril de 2016 Ferran Porta Duran con DNI 52143567Z informa al Usuario que sus datos de car\u00e1cter personal ser\u00e1n tratados con el fin de prestarle los servicios solo solicitados y enviarle la informaci\u00f3n sobre nuestra empresa que pueda ser de su inter\u00e9s.<\/p>\t\t\t\t\t\t\t\t<\/div>\n\t\t\t\t<\/div>\n\t\t\t\t\t<\/div>\n\t\t<\/div>\n\t\t\t\t\t<\/div>\n\t\t<\/section>\n\t\t\t\t<section class=\"elementor-section elementor-top-section elementor-element elementor-element-1ae2e2e elementor-section-boxed elementor-section-height-default elementor-section-height-default parallax_section_no qode_elementor_container_no qode-content-aligment-left\" data-id=\"1ae2e2e\" data-element_type=\"section\">\n\t\t\t\t\t\t<div class=\"elementor-container elementor-column-gap-default\">\n\t\t\t\t\t<div class=\"elementor-column elementor-col-100 elementor-top-column elementor-element elementor-element-98e168c\" data-id=\"98e168c\" data-element_type=\"column\">\n\t\t\t<div class=\"elementor-widget-wrap elementor-element-populated\">\n\t\t\t\t\t\t<div class=\"elementor-element elementor-element-795e5ff elementor-widget elementor-widget-text-editor\" data-id=\"795e5ff\" data-element_type=\"widget\" data-widget_type=\"text-editor.default\">\n\t\t\t\t<div class=\"elementor-widget-container\">\n\t\t\t\t\t\t\t\t\t<p><strong>ENVIO Y REGISTRO DE DATOS DE CAR\u00c1CTER PERSONAL<\/strong><\/p>\t\t\t\t\t\t\t\t<\/div>\n\t\t\t\t<\/div>\n\t\t\t\t\t<\/div>\n\t\t<\/div>\n\t\t\t\t\t<\/div>\n\t\t<\/section>\n\t\t\t\t<section class=\"elementor-section elementor-top-section elementor-element elementor-element-6b6e4cc elementor-section-boxed elementor-section-height-default elementor-section-height-default parallax_section_no qode_elementor_container_no qode-content-aligment-left\" data-id=\"6b6e4cc\" data-element_type=\"section\">\n\t\t\t\t\t\t<div class=\"elementor-container elementor-column-gap-default\">\n\t\t\t\t\t<div class=\"elementor-column elementor-col-100 elementor-top-column elementor-element elementor-element-05d3e62\" data-id=\"05d3e62\" data-element_type=\"column\">\n\t\t\t<div class=\"elementor-widget-wrap elementor-element-populated\">\n\t\t\t\t\t\t<div class=\"elementor-element elementor-element-eed9673 elementor-widget elementor-widget-text-editor\" data-id=\"eed9673\" data-element_type=\"widget\" data-widget_type=\"text-editor.default\">\n\t\t\t\t<div class=\"elementor-widget-container\">\n\t\t\t\t\t\t\t\t\t<p>El env\u00edo de datos de car\u00e1cter personal es obligatorio para contactar y recibir informaci\u00f3n sobre los servicios prestados por Ferran Porta Duran. Asimismo, no facilitar los datos personales solicitados o no aceptar la presente pol\u00edtica de protecci\u00f3n de datos supone la imposibilidad de suscribirse, registrarse o recibir informaci\u00f3n de estos servicios.<\/p>\t\t\t\t\t\t\t\t<\/div>\n\t\t\t\t<\/div>\n\t\t\t\t\t<\/div>\n\t\t<\/div>\n\t\t\t\t\t<\/div>\n\t\t<\/section>\n\t\t\t\t<section class=\"elementor-section elementor-top-section elementor-element elementor-element-bc489d4 elementor-section-boxed elementor-section-height-default elementor-section-height-default parallax_section_no qode_elementor_container_no qode-content-aligment-left\" data-id=\"bc489d4\" data-element_type=\"section\">\n\t\t\t\t\t\t<div class=\"elementor-container elementor-column-gap-default\">\n\t\t\t\t\t<div class=\"elementor-column elementor-col-100 elementor-top-column elementor-element elementor-element-1bfe449\" data-id=\"1bfe449\" data-element_type=\"column\">\n\t\t\t<div class=\"elementor-widget-wrap elementor-element-populated\">\n\t\t\t\t\t\t<div class=\"elementor-element elementor-element-38b0ef9 elementor-widget elementor-widget-text-editor\" data-id=\"38b0ef9\" data-element_type=\"widget\" data-widget_type=\"text-editor.default\">\n\t\t\t\t<div class=\"elementor-widget-container\">\n\t\t\t\t\t\t\t\t\t<p>Cuando los datos de car\u00e1cter personal sean obtenidos del Usuario a trav\u00e9s de redes de comunicaciones electr\u00f3nicas o en el marco de la prestaci\u00f3n de un servicio de la sociedad de la informaci\u00f3n, as\u00ed como en aquellos otros supuestos expresamente establecidos por la ley o cuando as\u00ed lo autorice la Agencia Espa\u00f1ola de Protecci\u00f3n de Datos, el responsable del tratamiento podr\u00e1 dar cumplimiento al deber de informaci\u00f3n establecido en el art\u00edculo 13 del Reglamento (UE) 2016\/679 facilitando al afectado al menos la siguiente informaci\u00f3n b\u00e1sica:<\/p>\t\t\t\t\t\t\t\t<\/div>\n\t\t\t\t<\/div>\n\t\t\t\t\t<\/div>\n\t\t<\/div>\n\t\t\t\t\t<\/div>\n\t\t<\/section>\n\t\t\t\t<section class=\"elementor-section elementor-top-section elementor-element elementor-element-fe583b6 elementor-section-boxed elementor-section-height-default elementor-section-height-default parallax_section_no qode_elementor_container_no qode-content-aligment-left\" data-id=\"fe583b6\" data-element_type=\"section\">\n\t\t\t\t\t\t<div class=\"elementor-container elementor-column-gap-default\">\n\t\t\t\t\t<div class=\"elementor-column elementor-col-100 elementor-top-column elementor-element elementor-element-f69f946\" data-id=\"f69f946\" data-element_type=\"column\">\n\t\t\t<div class=\"elementor-widget-wrap elementor-element-populated\">\n\t\t\t\t\t\t<div class=\"elementor-element elementor-element-1055a76 elementor-widget elementor-widget-text-editor\" data-id=\"1055a76\" data-element_type=\"widget\" data-widget_type=\"text-editor.default\">\n\t\t\t\t<div class=\"elementor-widget-container\">\n\t\t\t\t\t\t\t\t\t<p>a) La identidad del responsable del tratamiento y de su representante, en su caso.<br>b) La finalidad del tratamiento.<br>c) La forma en que el afectado podr\u00e1 ejercitar los derechos establecidos en los art\u00edculos 15 a 22 del Reglamento (UE) 2016\/679.<\/p>\t\t\t\t\t\t\t\t<\/div>\n\t\t\t\t<\/div>\n\t\t\t\t\t<\/div>\n\t\t<\/div>\n\t\t\t\t\t<\/div>\n\t\t<\/section>\n\t\t\t\t<section class=\"elementor-section elementor-top-section elementor-element elementor-element-d9f5596 elementor-section-boxed elementor-section-height-default elementor-section-height-default parallax_section_no qode_elementor_container_no qode-content-aligment-left\" data-id=\"d9f5596\" data-element_type=\"section\">\n\t\t\t\t\t\t<div class=\"elementor-container elementor-column-gap-default\">\n\t\t\t\t\t<div class=\"elementor-column elementor-col-100 elementor-top-column elementor-element elementor-element-ead9464\" data-id=\"ead9464\" data-element_type=\"column\">\n\t\t\t<div class=\"elementor-widget-wrap elementor-element-populated\">\n\t\t\t\t\t\t<div class=\"elementor-element elementor-element-669d827 elementor-widget elementor-widget-text-editor\" data-id=\"669d827\" data-element_type=\"widget\" data-widget_type=\"text-editor.default\">\n\t\t\t\t<div class=\"elementor-widget-container\">\n\t\t\t\t\t\t\t\t\t<p>Sin embargo, los responsables y encargados del tratamiento o, en su caso, sus representantes deber\u00e1n mantener el registro de actividades de tratamiento a que se refiere el art\u00edculo 30 del Reglamento (UE) 2016\/679, salvo que la empresa o organizaci\u00f3n ocupen menos de 250 personas, con la salvedad de que el tratamiento que realice pueda comportar un riesgo para los derechos y libertades de los interesados, no sea ocasional, o incluya categor\u00edas especiales de datos personales indicadas en el art\u00edculo 9, apartado 1, o datos personales relativos a condenas e infracciones penales a las que se refiere el art\u00edculo 10 del Reglamento (UE) 2016\/679.<\/p>\t\t\t\t\t\t\t\t<\/div>\n\t\t\t\t<\/div>\n\t\t\t\t\t<\/div>\n\t\t<\/div>\n\t\t\t\t\t<\/div>\n\t\t<\/section>\n\t\t\t\t<section class=\"elementor-section elementor-top-section elementor-element elementor-element-f39577d elementor-section-boxed elementor-section-height-default elementor-section-height-default parallax_section_no qode_elementor_container_no qode-content-aligment-left\" data-id=\"f39577d\" data-element_type=\"section\">\n\t\t\t\t\t\t<div class=\"elementor-container elementor-column-gap-default\">\n\t\t\t\t\t<div class=\"elementor-column elementor-col-100 elementor-top-column elementor-element elementor-element-ca4a54b\" data-id=\"ca4a54b\" data-element_type=\"column\">\n\t\t\t<div class=\"elementor-widget-wrap elementor-element-populated\">\n\t\t\t\t\t\t<div class=\"elementor-element elementor-element-a14fe58 elementor-widget elementor-widget-text-editor\" data-id=\"a14fe58\" data-element_type=\"widget\" data-widget_type=\"text-editor.default\">\n\t\t\t\t<div class=\"elementor-widget-container\">\n\t\t\t\t\t\t\t\t\t<p>Por \u00faltimo, el art\u00edculo 5.1.f) del Reglamento (UE) 2016\/679 determina la necesidad de establecer garant\u00edas de seguridad adecuadas contra el tratamiento no autorizado o il\u00edcito, contra la p\u00e9rdida de las datos personales, la destrucci\u00f3n o el da\u00f1o accidental. Esto implica el establecimiento de medidas t\u00e9cnicas y organizativas encaminadas a asegurar la integridad y confidencialidad de los datos personales y la posibilidad (art\u00edculo 5.2) de demostrar que estas medidas se han llevado a la pr\u00e1ctica (responsabilidad proactiva).<\/p>\t\t\t\t\t\t\t\t<\/div>\n\t\t\t\t<\/div>\n\t\t\t\t\t<\/div>\n\t\t<\/div>\n\t\t\t\t\t<\/div>\n\t\t<\/section>\n\t\t\t\t<section class=\"elementor-section elementor-top-section elementor-element elementor-element-3c10d2f elementor-section-boxed elementor-section-height-default elementor-section-height-default parallax_section_no qode_elementor_container_no qode-content-aligment-left\" data-id=\"3c10d2f\" data-element_type=\"section\">\n\t\t\t\t\t\t<div class=\"elementor-container elementor-column-gap-default\">\n\t\t\t\t\t<div class=\"elementor-column elementor-col-100 elementor-top-column elementor-element elementor-element-d7b4fe9\" data-id=\"d7b4fe9\" data-element_type=\"column\">\n\t\t\t<div class=\"elementor-widget-wrap elementor-element-populated\">\n\t\t\t\t\t\t<div class=\"elementor-element elementor-element-0550758 elementor-widget elementor-widget-text-editor\" data-id=\"0550758\" data-element_type=\"widget\" data-widget_type=\"text-editor.default\">\n\t\t\t\t<div class=\"elementor-widget-container\">\n\t\t\t\t\t\t\t\t\t<p><strong>EXACTITUD Y VERACIDAD DE LOS DATOS FACILITADOS<\/strong><\/p>\t\t\t\t\t\t\t\t<\/div>\n\t\t\t\t<\/div>\n\t\t\t\t\t<\/div>\n\t\t<\/div>\n\t\t\t\t\t<\/div>\n\t\t<\/section>\n\t\t\t\t<section class=\"elementor-section elementor-top-section elementor-element elementor-element-fddf7a3 elementor-section-boxed elementor-section-height-default elementor-section-height-default parallax_section_no qode_elementor_container_no qode-content-aligment-left\" data-id=\"fddf7a3\" data-element_type=\"section\">\n\t\t\t\t\t\t<div class=\"elementor-container elementor-column-gap-default\">\n\t\t\t\t\t<div class=\"elementor-column elementor-col-100 elementor-top-column elementor-element elementor-element-4fe1c76\" data-id=\"4fe1c76\" data-element_type=\"column\">\n\t\t\t<div class=\"elementor-widget-wrap elementor-element-populated\">\n\t\t\t\t\t\t<div class=\"elementor-element elementor-element-64ce77a elementor-widget elementor-widget-text-editor\" data-id=\"64ce77a\" data-element_type=\"widget\" data-widget_type=\"text-editor.default\">\n\t\t\t\t<div class=\"elementor-widget-container\">\n\t\t\t\t\t\t\t\t\t<p>El Usuario que env\u00eda la informaci\u00f3n a <span class=\" author-d-1gg9uz65z1iz85zgdz68zmqkz84zo2qoxw4ntjz86zq1dau9z85z2z77zlid1u0z85zz67zz87zz66zz65zjz76z8z84zz80z\">Ferran Porta Duran<\/span> \u00e9s el \u00fanico responsable de la veracidad y correcci\u00f3n de los datos incluidos, exoner\u00e1ndose <span class=\" author-d-1gg9uz65z1iz85zgdz68zmqkz84zo2qoxw4ntjz86zq1dau9z85z2z77zlid1u0z85zz67zz87zz66zz65zjz76z8z84zz80z\">Ferran Porta Duran<\/span> de cualquier responsabilidad al respecto.<\/p>\t\t\t\t\t\t\t\t<\/div>\n\t\t\t\t<\/div>\n\t\t\t\t\t<\/div>\n\t\t<\/div>\n\t\t\t\t\t<\/div>\n\t\t<\/section>\n\t\t\t\t<section class=\"elementor-section elementor-top-section elementor-element elementor-element-58c71b8 elementor-section-boxed elementor-section-height-default elementor-section-height-default parallax_section_no qode_elementor_container_no qode-content-aligment-left\" data-id=\"58c71b8\" data-element_type=\"section\">\n\t\t\t\t\t\t<div class=\"elementor-container elementor-column-gap-default\">\n\t\t\t\t\t<div class=\"elementor-column elementor-col-100 elementor-top-column elementor-element elementor-element-e7d779b\" data-id=\"e7d779b\" data-element_type=\"column\">\n\t\t\t<div class=\"elementor-widget-wrap elementor-element-populated\">\n\t\t\t\t\t\t<div class=\"elementor-element elementor-element-41dc5d5 elementor-widget elementor-widget-text-editor\" data-id=\"41dc5d5\" data-element_type=\"widget\" data-widget_type=\"text-editor.default\">\n\t\t\t\t<div class=\"elementor-widget-container\">\n\t\t\t\t\t\t\t\t\t<p>El Usuario que env\u00eda la informaci\u00f3n a Ferran Porta Duran\u00e9s el \u00fanico responsable de la veracidad y correcci\u00f3n de los datos incluidos, exoner\u00e1ndose Ferran Porta Durande cualquier responsabilidad al respecto. El Usuario acepta proporcionar informaci\u00f3n completa y correcta en el formulario de registro o suscripci\u00f3n.<\/p>\t\t\t\t\t\t\t\t<\/div>\n\t\t\t\t<\/div>\n\t\t\t\t\t<\/div>\n\t\t<\/div>\n\t\t\t\t\t<\/div>\n\t\t<\/section>\n\t\t\t\t<section class=\"elementor-section elementor-top-section elementor-element elementor-element-a704126 elementor-section-boxed elementor-section-height-default elementor-section-height-default parallax_section_no qode_elementor_container_no qode-content-aligment-left\" data-id=\"a704126\" data-element_type=\"section\">\n\t\t\t\t\t\t<div class=\"elementor-container elementor-column-gap-default\">\n\t\t\t\t\t<div class=\"elementor-column elementor-col-100 elementor-top-column elementor-element elementor-element-51911d6\" data-id=\"51911d6\" data-element_type=\"column\">\n\t\t\t<div class=\"elementor-widget-wrap elementor-element-populated\">\n\t\t\t\t\t\t<div class=\"elementor-element elementor-element-dc63369 elementor-widget elementor-widget-text-editor\" data-id=\"dc63369\" data-element_type=\"widget\" data-widget_type=\"text-editor.default\">\n\t\t\t\t<div class=\"elementor-widget-container\">\n\t\t\t\t\t\t\t\t\t<p><span class=\" author-d-1gg9uz65z1iz85zgdz68zmqkz84zo2qoxw4ntjz86zq1dau9z85z2z77zlid1u0z85zz67zz87zz66zz65zjz76z8z84zz80z\">Ferran Porta Duran<\/span> no responde de la veracidad de las informaciones que no sean de elaboraci\u00f3n propia y de las que se indique otra fuente, por lo que tampoco asume responsabilidad alguna en cuanto a hipot\u00e9ticos perjuicios que pudieran originarse por el uso de esta informaci\u00f3n. Se exonera a <span class=\" author-d-1gg9uz65z1iz85zgdz68zmqkz84zo2qoxw4ntjz86zq1dau9z85z2z77zlid1u0z85zz67zz87zz66zz65zjz76z8z84zz80z\">Ferran Porta Duran<\/span> de responsabilidad ante cualquier da\u00f1o o perjuicio que pudiera sufrir el Usuario como consecuencia de errores, defectos u omisiones, en la informaci\u00f3n facilitada por <span class=\" author-d-1gg9uz65z1iz85zgdz68zmqkz84zo2qoxw4ntjz86zq1dau9z85z2z77zlid1u0z85zz67zz87zz66zz65zjz76z8z84zz80z\">Ferran Porta Duran<\/span> sempre que proceda de fuentes ajenas a <span class=\" author-d-1gg9uz65z1iz85zgdz68zmqkz84zo2qoxw4ntjz86zq1dau9z85z2z77zlid1u0z85zz67zz87zz66zz65zjz76z8z84zz80z\">Ferran Porta Duran<\/span>.<\/p>\t\t\t\t\t\t\t\t<\/div>\n\t\t\t\t<\/div>\n\t\t\t\t\t<\/div>\n\t\t<\/div>\n\t\t\t\t\t<\/div>\n\t\t<\/section>\n\t\t\t\t<section class=\"elementor-section elementor-top-section elementor-element elementor-element-50cbca4 elementor-section-boxed elementor-section-height-default elementor-section-height-default parallax_section_no qode_elementor_container_no qode-content-aligment-left\" data-id=\"50cbca4\" data-element_type=\"section\">\n\t\t\t\t\t\t<div class=\"elementor-container elementor-column-gap-default\">\n\t\t\t\t\t<div class=\"elementor-column elementor-col-100 elementor-top-column elementor-element elementor-element-6a6caaa\" data-id=\"6a6caaa\" data-element_type=\"column\">\n\t\t\t<div class=\"elementor-widget-wrap elementor-element-populated\">\n\t\t\t\t\t\t<div class=\"elementor-element elementor-element-dcfb8ee elementor-widget elementor-widget-text-editor\" data-id=\"dcfb8ee\" data-element_type=\"widget\" data-widget_type=\"text-editor.default\">\n\t\t\t\t<div class=\"elementor-widget-container\">\n\t\t\t\t\t\t\t\t\t<p><strong>CESI\u00d3N DE DATOS A TERCEROS<\/strong><\/p>\t\t\t\t\t\t\t\t<\/div>\n\t\t\t\t<\/div>\n\t\t\t\t\t<\/div>\n\t\t<\/div>\n\t\t\t\t\t<\/div>\n\t\t<\/section>\n\t\t\t\t<section class=\"elementor-section elementor-top-section elementor-element elementor-element-34ff3ea elementor-section-boxed elementor-section-height-default elementor-section-height-default parallax_section_no qode_elementor_container_no qode-content-aligment-left\" data-id=\"34ff3ea\" data-element_type=\"section\">\n\t\t\t\t\t\t<div class=\"elementor-container elementor-column-gap-default\">\n\t\t\t\t\t<div class=\"elementor-column elementor-col-100 elementor-top-column elementor-element elementor-element-baffdea\" data-id=\"baffdea\" data-element_type=\"column\">\n\t\t\t<div class=\"elementor-widget-wrap elementor-element-populated\">\n\t\t\t\t\t\t<div class=\"elementor-element elementor-element-bdf02f7 elementor-widget elementor-widget-text-editor\" data-id=\"bdf02f7\" data-element_type=\"widget\" data-widget_type=\"text-editor.default\">\n\t\t\t\t<div class=\"elementor-widget-container\">\n\t\t\t\t\t\t\t\t\t<p><span class=\" author-d-1gg9uz65z1iz85zgdz68zmqkz84zo2qoxw4ntjz86zq1dau9z85z2z77zlid1u0z85zz67zz87zz66zz65zjz76z8z84zz80z\">Ferran Porta Duran<\/span> no ceder\u00e1 los datos personales a terceros. Sin embargo, en el caso de ser cedidos a alg\u00fan tercero se producir\u00eda una informaci\u00f3n previa solicitando el consentimiento expreso del afectado en virtud del art\u00edculo 4.11 del Reglamento (UE) 2016\/679 de 27 de abril de 2016 .<\/p>\t\t\t\t\t\t\t\t<\/div>\n\t\t\t\t<\/div>\n\t\t\t\t\t<\/div>\n\t\t<\/div>\n\t\t\t\t\t<\/div>\n\t\t<\/section>\n\t\t\t\t<section class=\"elementor-section elementor-top-section elementor-element elementor-element-416cd9b elementor-section-boxed elementor-section-height-default elementor-section-height-default parallax_section_no qode_elementor_container_no qode-content-aligment-left\" data-id=\"416cd9b\" data-element_type=\"section\">\n\t\t\t\t\t\t<div class=\"elementor-container elementor-column-gap-default\">\n\t\t\t\t\t<div class=\"elementor-column elementor-col-100 elementor-top-column elementor-element elementor-element-abefbaa\" data-id=\"abefbaa\" data-element_type=\"column\">\n\t\t\t<div class=\"elementor-widget-wrap elementor-element-populated\">\n\t\t\t\t\t\t<div class=\"elementor-element elementor-element-20488ba elementor-widget elementor-widget-text-editor\" data-id=\"20488ba\" data-element_type=\"widget\" data-widget_type=\"text-editor.default\">\n\t\t\t\t<div class=\"elementor-widget-container\">\n\t\t\t\t\t\t\t\t\t<p><strong>CONSERVACI\u00d3N DE LOS DATOS<\/strong><\/p>\t\t\t\t\t\t\t\t<\/div>\n\t\t\t\t<\/div>\n\t\t\t\t\t<\/div>\n\t\t<\/div>\n\t\t\t\t\t<\/div>\n\t\t<\/section>\n\t\t\t\t<section class=\"elementor-section elementor-top-section elementor-element elementor-element-09cb373 elementor-section-boxed elementor-section-height-default elementor-section-height-default parallax_section_no qode_elementor_container_no qode-content-aligment-left\" data-id=\"09cb373\" data-element_type=\"section\">\n\t\t\t\t\t\t<div class=\"elementor-container elementor-column-gap-default\">\n\t\t\t\t\t<div class=\"elementor-column elementor-col-100 elementor-top-column elementor-element elementor-element-47baf0d\" data-id=\"47baf0d\" data-element_type=\"column\">\n\t\t\t<div class=\"elementor-widget-wrap elementor-element-populated\">\n\t\t\t\t\t\t<div class=\"elementor-element elementor-element-53e3721 elementor-widget elementor-widget-text-editor\" data-id=\"53e3721\" data-element_type=\"widget\" data-widget_type=\"text-editor.default\">\n\t\t\t\t<div class=\"elementor-widget-container\">\n\t\t\t\t\t\t\t\t\t<p>En cualquier caso, el tiempo de conservaci\u00f3n ser\u00e1 el indispensable, pudiendo mantenerse como m\u00ednimo:<\/p>\t\t\t\t\t\t\t\t<\/div>\n\t\t\t\t<\/div>\n\t\t\t\t\t<\/div>\n\t\t<\/div>\n\t\t\t\t\t<\/div>\n\t\t<\/section>\n\t\t\t\t<section class=\"elementor-section elementor-top-section elementor-element elementor-element-6548a38 elementor-section-boxed elementor-section-height-default elementor-section-height-default parallax_section_no qode_elementor_container_no qode-content-aligment-left\" data-id=\"6548a38\" data-element_type=\"section\">\n\t\t\t\t\t\t<div class=\"elementor-container elementor-column-gap-default\">\n\t\t\t\t\t<div class=\"elementor-column elementor-col-100 elementor-top-column elementor-element elementor-element-682444b\" data-id=\"682444b\" data-element_type=\"column\">\n\t\t\t<div class=\"elementor-widget-wrap elementor-element-populated\">\n\t\t\t\t\t\t<div class=\"elementor-element elementor-element-e1a8cbb elementor-widget elementor-widget-text-editor\" data-id=\"e1a8cbb\" data-element_type=\"widget\" data-widget_type=\"text-editor.default\">\n\t\t\t\t<div class=\"elementor-widget-container\">\n\t\t\t\t\t\t\t\t\t<p>4 a\u00f1os: Ley sobre infracciones y sanciones en el orden social (obligaciones en materia de afiliaci\u00f3n, altas, bajas, cotizaci\u00f3n, pago de salarios&#8230;); Arts. 66 i s. Ley general tributaria (libros de contabilidad&#8230;)<br>5 a\u00f1os: Arte. 1964 C\u00f3digo Civil (acciones personales sin plazo especial)<br>6 a\u00f1os: Arte. 30 C\u00f3digo de Comercio (libros de contabilidad, facturas&#8230;)<br>10 a\u00f1os: Arte. 25 Ley de Prevenci\u00f3n del Blanqueo de Capitales y Financiaci\u00f3n del Terrorismo.<\/p>\t\t\t\t\t\t\t\t<\/div>\n\t\t\t\t<\/div>\n\t\t\t\t\t<\/div>\n\t\t<\/div>\n\t\t\t\t\t<\/div>\n\t\t<\/section>\n\t\t\t\t<section class=\"elementor-section elementor-top-section elementor-element elementor-element-cee037e elementor-section-boxed elementor-section-height-default elementor-section-height-default parallax_section_no qode_elementor_container_no qode-content-aligment-left\" data-id=\"cee037e\" data-element_type=\"section\">\n\t\t\t\t\t\t<div class=\"elementor-container elementor-column-gap-default\">\n\t\t\t\t\t<div class=\"elementor-column elementor-col-100 elementor-top-column elementor-element elementor-element-fc0d2b5\" data-id=\"fc0d2b5\" data-element_type=\"column\">\n\t\t\t<div class=\"elementor-widget-wrap elementor-element-populated\">\n\t\t\t\t\t\t<div class=\"elementor-element elementor-element-8dece45 elementor-widget elementor-widget-text-editor\" data-id=\"8dece45\" data-element_type=\"widget\" data-widget_type=\"text-editor.default\">\n\t\t\t\t<div class=\"elementor-widget-container\">\n\t\t\t\t\t\t\t\t\t<p><strong>EJERCICIO DE DERECHOS DE ACCESO, RECTIFICACI\u00d3N, SUPRESI\u00d3N, LIMITACI\u00d3N, PORTABILIDAD Y OPOSICI\u00d3N<\/strong><\/p>\t\t\t\t\t\t\t\t<\/div>\n\t\t\t\t<\/div>\n\t\t\t\t\t<\/div>\n\t\t<\/div>\n\t\t\t\t\t<\/div>\n\t\t<\/section>\n\t\t\t\t<section class=\"elementor-section elementor-top-section elementor-element elementor-element-a87feb5 elementor-section-boxed elementor-section-height-default elementor-section-height-default parallax_section_no qode_elementor_container_no qode-content-aligment-left\" data-id=\"a87feb5\" data-element_type=\"section\">\n\t\t\t\t\t\t<div class=\"elementor-container elementor-column-gap-default\">\n\t\t\t\t\t<div class=\"elementor-column elementor-col-100 elementor-top-column elementor-element elementor-element-c4ecb5c\" data-id=\"c4ecb5c\" data-element_type=\"column\">\n\t\t\t<div class=\"elementor-widget-wrap elementor-element-populated\">\n\t\t\t\t\t\t<div class=\"elementor-element elementor-element-cc0f2dc elementor-widget elementor-widget-text-editor\" data-id=\"cc0f2dc\" data-element_type=\"widget\" data-widget_type=\"text-editor.default\">\n\t\t\t\t<div class=\"elementor-widget-container\">\n\t\t\t\t\t\t\t\t\t<p>Podr\u00e1 dirigir sus comunicaciones y ejercitar los derechos de acceso, rectificaci\u00f3n, supresi\u00f3n, limitaci\u00f3n, portabilidad y oposici\u00f3n a trav\u00e9s de correo postal en <span class=\" author-d-1gg9uz65z1iz85zgdz68zmqkz84zo2qoxw4ntjz86zq1dau9z85z2z77zlid1u0z85zz67zz87zz66zz65zjz76z8z84zz80z\">Ferran Porta Duran Plaza Llu\u00eds Perpi\u00f1\u00e1n, 10, Granollers, Barcelona<\/span> o en el email <a href=\"mailto:atencio.client@antoniporta.com\">atencio.client@antoniporta.com<\/a> junto con prueba v\u00e1lida en derecho, como fotocopia del D.N.I. e indicando en el asunto \u00abPROTECCI\u00d3N DE DATOS\u00bb.<\/p>\t\t\t\t\t\t\t\t<\/div>\n\t\t\t\t<\/div>\n\t\t\t\t\t<\/div>\n\t\t<\/div>\n\t\t\t\t\t<\/div>\n\t\t<\/section>\n\t\t\t\t<section class=\"elementor-section elementor-top-section elementor-element elementor-element-e99e618 elementor-section-boxed elementor-section-height-default elementor-section-height-default parallax_section_no qode_elementor_container_no qode-content-aligment-left\" data-id=\"e99e618\" data-element_type=\"section\">\n\t\t\t\t\t\t<div class=\"elementor-container elementor-column-gap-default\">\n\t\t\t\t\t<div class=\"elementor-column elementor-col-100 elementor-top-column elementor-element elementor-element-3a98dc3\" data-id=\"3a98dc3\" data-element_type=\"column\">\n\t\t\t<div class=\"elementor-widget-wrap elementor-element-populated\">\n\t\t\t\t\t\t<div class=\"elementor-element elementor-element-ec04ea3 elementor-widget elementor-widget-text-editor\" data-id=\"ec04ea3\" data-element_type=\"widget\" data-widget_type=\"text-editor.default\">\n\t\t\t\t<div class=\"elementor-widget-container\">\n\t\t\t\t\t\t\t\t\t<p><strong>ACEPTACI\u00d3N Y CONSENTIMIENTO<\/strong><\/p>\t\t\t\t\t\t\t\t<\/div>\n\t\t\t\t<\/div>\n\t\t\t\t\t<\/div>\n\t\t<\/div>\n\t\t\t\t\t<\/div>\n\t\t<\/section>\n\t\t\t\t<section class=\"elementor-section elementor-top-section elementor-element elementor-element-4b7bd7a elementor-section-boxed elementor-section-height-default elementor-section-height-default parallax_section_no qode_elementor_container_no qode-content-aligment-left\" data-id=\"4b7bd7a\" data-element_type=\"section\">\n\t\t\t\t\t\t<div class=\"elementor-container elementor-column-gap-default\">\n\t\t\t\t\t<div class=\"elementor-column elementor-col-100 elementor-top-column elementor-element elementor-element-24bccf0\" data-id=\"24bccf0\" data-element_type=\"column\">\n\t\t\t<div class=\"elementor-widget-wrap elementor-element-populated\">\n\t\t\t\t\t\t<div class=\"elementor-element elementor-element-282ef0f elementor-widget elementor-widget-text-editor\" data-id=\"282ef0f\" data-element_type=\"widget\" data-widget_type=\"text-editor.default\">\n\t\t\t\t<div class=\"elementor-widget-container\">\n\t\t\t\t\t\t\t\t\t<p>El Usuario declara haber sido informado de las condiciones sobre protecci\u00f3n de datos de car\u00e1cter personal, aceptando y consintiendo el tratamiento de las mismas por parte de Ferran Porta Duran, en la forma y para las finalidades indicadas en la presente Pol\u00edtica de Protecci\u00f3n de Datos Personales.<\/p>\t\t\t\t\t\t\t\t<\/div>\n\t\t\t\t<\/div>\n\t\t\t\t\t<\/div>\n\t\t<\/div>\n\t\t\t\t\t<\/div>\n\t\t<\/section>\n\t\t\t\t<\/div>\n\t\t","protected":false},"excerpt":{"rendered":"<p>A efectos de lo previsto en el Reglamento (UE) 2016\/679 de 27 de abril de 2016 Ferran Porta Duran con DNI 52143567Z informa al Usuario que sus datos de car\u00e1cter personal ser\u00e1n tratados con el fin de prestarle los servicios solo solicitados y enviarle la&#8230;<\/p>\n","protected":false},"author":1,"featured_media":0,"parent":0,"menu_order":0,"comment_status":"closed","ping_status":"closed","template":"","meta":{"_monsterinsights_skip_tracking":false,"_monsterinsights_sitenote_active":false,"_monsterinsights_sitenote_note":"","_monsterinsights_sitenote_category":0,"footnotes":""},"class_list":["post-2316","page","type-page","status-publish","hentry"],"yoast_head":"<!-- This site is optimized with the Yoast SEO plugin v26.5 - https:\/\/yoast.com\/wordpress\/plugins\/seo\/ -->\n<title>Pol\u00edtica de privacidad - Antoni Porta<\/title>\n<meta name=\"robots\" content=\"noindex, nofollow\" \/>\n<meta property=\"og:locale\" content=\"es_ES\" \/>\n<meta property=\"og:type\" content=\"article\" \/>\n<meta property=\"og:title\" content=\"Pol\u00edtica de privacidad - Antoni Porta\" \/>\n<meta property=\"og:description\" content=\"A efectos de lo previsto en el Reglamento (UE) 2016\/679 de 27 de abril de 2016 Ferran Porta Duran con DNI 52143567Z informa al Usuario que sus datos de car\u00e1cter personal ser\u00e1n tratados con el fin de prestarle los servicios solo solicitados y enviarle la...\" \/>\n<meta property=\"og:url\" content=\"https:\/\/www.antoniporta.com\/es\/politica-de-privacidad\/\" \/>\n<meta property=\"og:site_name\" content=\"Antoni Porta\" \/>\n<meta property=\"article:publisher\" content=\"https:\/\/www.facebook.com\/Porta1936\/\" \/>\n<meta property=\"article:modified_time\" content=\"2025-12-03T10:05:39+00:00\" \/>\n<meta name=\"twitter:card\" content=\"summary_large_image\" \/>\n<meta name=\"twitter:site\" content=\"@PORTAgranollers\" \/>\n<script type=\"application\/ld+json\" class=\"yoast-schema-graph\">{\"@context\":\"https:\/\/schema.org\",\"@graph\":[{\"@type\":\"WebPage\",\"@id\":\"https:\/\/www.antoniporta.com\/es\/politica-de-privacidad\/\",\"url\":\"https:\/\/www.antoniporta.com\/es\/politica-de-privacidad\/\",\"name\":\"Pol\u00edtica de privacidad - Antoni Porta\",\"isPartOf\":{\"@id\":\"https:\/\/www.antoniporta.com\/es\/#website\"},\"datePublished\":\"2024-02-20T14:24:59+00:00\",\"dateModified\":\"2025-12-03T10:05:39+00:00\",\"breadcrumb\":{\"@id\":\"https:\/\/www.antoniporta.com\/es\/politica-de-privacidad\/#breadcrumb\"},\"inLanguage\":\"es\",\"potentialAction\":[{\"@type\":\"ReadAction\",\"target\":[\"https:\/\/www.antoniporta.com\/es\/politica-de-privacidad\/\"]}]},{\"@type\":\"BreadcrumbList\",\"@id\":\"https:\/\/www.antoniporta.com\/es\/politica-de-privacidad\/#breadcrumb\",\"itemListElement\":[{\"@type\":\"ListItem\",\"position\":1,\"name\":\"Inici\",\"item\":\"https:\/\/www.antoniporta.com\/es\/\"},{\"@type\":\"ListItem\",\"position\":2,\"name\":\"Pol\u00edtica de privacidad\"}]},{\"@type\":\"WebSite\",\"@id\":\"https:\/\/www.antoniporta.com\/es\/#website\",\"url\":\"https:\/\/www.antoniporta.com\/es\/\",\"name\":\"Antoni Porta\",\"description\":\"Ropa para hombre desde 1932\",\"publisher\":{\"@id\":\"https:\/\/www.antoniporta.com\/es\/#organization\"},\"potentialAction\":[{\"@type\":\"SearchAction\",\"target\":{\"@type\":\"EntryPoint\",\"urlTemplate\":\"https:\/\/www.antoniporta.com\/es\/?s={search_term_string}\"},\"query-input\":{\"@type\":\"PropertyValueSpecification\",\"valueRequired\":true,\"valueName\":\"search_term_string\"}}],\"inLanguage\":\"es\"},{\"@type\":\"Organization\",\"@id\":\"https:\/\/www.antoniporta.com\/es\/#organization\",\"name\":\"Antoni Porta\",\"url\":\"https:\/\/www.antoniporta.com\/es\/\",\"logo\":{\"@type\":\"ImageObject\",\"inLanguage\":\"es\",\"@id\":\"https:\/\/www.antoniporta.com\/es\/#\/schema\/logo\/image\/\",\"url\":\"https:\/\/www.antoniporta.com\/wp-content\/uploads\/2024\/01\/etiqueta-porta-square.png\",\"contentUrl\":\"https:\/\/www.antoniporta.com\/wp-content\/uploads\/2024\/01\/etiqueta-porta-square.png\",\"width\":500,\"height\":453,\"caption\":\"Antoni Porta\"},\"image\":{\"@id\":\"https:\/\/www.antoniporta.com\/es\/#\/schema\/logo\/image\/\"},\"sameAs\":[\"https:\/\/www.facebook.com\/Porta1936\/\",\"https:\/\/x.com\/PORTAgranollers\",\"http:\/\/www.youtube.com\/user\/Portamodagranollers\",\"https:\/\/www.instagram.com\/portamodagranollers\/\"]}]}<\/script>\n<!-- \/ Yoast SEO plugin. -->","yoast_head_json":{"title":"Pol\u00edtica de privacidad - Antoni Porta","robots":{"index":"noindex","follow":"nofollow"},"og_locale":"es_ES","og_type":"article","og_title":"Pol\u00edtica de privacidad - Antoni Porta","og_description":"A efectos de lo previsto en el Reglamento (UE) 2016\/679 de 27 de abril de 2016 Ferran Porta Duran con DNI 52143567Z informa al Usuario que sus datos de car\u00e1cter personal ser\u00e1n tratados con el fin de prestarle los servicios solo solicitados y enviarle la...","og_url":"https:\/\/www.antoniporta.com\/es\/politica-de-privacidad\/","og_site_name":"Antoni Porta","article_publisher":"https:\/\/www.facebook.com\/Porta1936\/","article_modified_time":"2025-12-03T10:05:39+00:00","twitter_card":"summary_large_image","twitter_site":"@PORTAgranollers","schema":{"@context":"https:\/\/schema.org","@graph":[{"@type":"WebPage","@id":"https:\/\/www.antoniporta.com\/es\/politica-de-privacidad\/","url":"https:\/\/www.antoniporta.com\/es\/politica-de-privacidad\/","name":"Pol\u00edtica de privacidad - Antoni Porta","isPartOf":{"@id":"https:\/\/www.antoniporta.com\/es\/#website"},"datePublished":"2024-02-20T14:24:59+00:00","dateModified":"2025-12-03T10:05:39+00:00","breadcrumb":{"@id":"https:\/\/www.antoniporta.com\/es\/politica-de-privacidad\/#breadcrumb"},"inLanguage":"es","potentialAction":[{"@type":"ReadAction","target":["https:\/\/www.antoniporta.com\/es\/politica-de-privacidad\/"]}]},{"@type":"BreadcrumbList","@id":"https:\/\/www.antoniporta.com\/es\/politica-de-privacidad\/#breadcrumb","itemListElement":[{"@type":"ListItem","position":1,"name":"Inici","item":"https:\/\/www.antoniporta.com\/es\/"},{"@type":"ListItem","position":2,"name":"Pol\u00edtica de privacidad"}]},{"@type":"WebSite","@id":"https:\/\/www.antoniporta.com\/es\/#website","url":"https:\/\/www.antoniporta.com\/es\/","name":"Antoni Porta","description":"Ropa para hombre desde 1932","publisher":{"@id":"https:\/\/www.antoniporta.com\/es\/#organization"},"potentialAction":[{"@type":"SearchAction","target":{"@type":"EntryPoint","urlTemplate":"https:\/\/www.antoniporta.com\/es\/?s={search_term_string}"},"query-input":{"@type":"PropertyValueSpecification","valueRequired":true,"valueName":"search_term_string"}}],"inLanguage":"es"},{"@type":"Organization","@id":"https:\/\/www.antoniporta.com\/es\/#organization","name":"Antoni Porta","url":"https:\/\/www.antoniporta.com\/es\/","logo":{"@type":"ImageObject","inLanguage":"es","@id":"https:\/\/www.antoniporta.com\/es\/#\/schema\/logo\/image\/","url":"https:\/\/www.antoniporta.com\/wp-content\/uploads\/2024\/01\/etiqueta-porta-square.png","contentUrl":"https:\/\/www.antoniporta.com\/wp-content\/uploads\/2024\/01\/etiqueta-porta-square.png","width":500,"height":453,"caption":"Antoni Porta"},"image":{"@id":"https:\/\/www.antoniporta.com\/es\/#\/schema\/logo\/image\/"},"sameAs":["https:\/\/www.facebook.com\/Porta1936\/","https:\/\/x.com\/PORTAgranollers","http:\/\/www.youtube.com\/user\/Portamodagranollers","https:\/\/www.instagram.com\/portamodagranollers\/"]}]}},"_links":{"self":[{"href":"https:\/\/www.antoniporta.com\/es\/wp-json\/wp\/v2\/pages\/2316","targetHints":{"allow":["GET"]}}],"collection":[{"href":"https:\/\/www.antoniporta.com\/es\/wp-json\/wp\/v2\/pages"}],"about":[{"href":"https:\/\/www.antoniporta.com\/es\/wp-json\/wp\/v2\/types\/page"}],"author":[{"embeddable":true,"href":"https:\/\/www.antoniporta.com\/es\/wp-json\/wp\/v2\/users\/1"}],"replies":[{"embeddable":true,"href":"https:\/\/www.antoniporta.com\/es\/wp-json\/wp\/v2\/comments?post=2316"}],"version-history":[{"count":4,"href":"https:\/\/www.antoniporta.com\/es\/wp-json\/wp\/v2\/pages\/2316\/revisions"}],"predecessor-version":[{"id":2605,"href":"https:\/\/www.antoniporta.com\/es\/wp-json\/wp\/v2\/pages\/2316\/revisions\/2605"}],"wp:attachment":[{"href":"https:\/\/www.antoniporta.com\/es\/wp-json\/wp\/v2\/media?parent=2316"}],"curies":[{"name":"wp","href":"https:\/\/api.w.org\/{rel}","templated":true}]}}