{"id":2296,"date":"2024-02-20T13:28:55","date_gmt":"2024-02-20T13:28:55","guid":{"rendered":"https:\/\/www.antoniporta.com\/aviso-legal\/"},"modified":"2024-02-26T18:36:30","modified_gmt":"2024-02-26T18:36:30","slug":"aviso-legal","status":"publish","type":"page","link":"https:\/\/www.antoniporta.com\/es\/aviso-legal\/","title":{"rendered":"Aviso legal"},"content":{"rendered":"\t\t<div data-elementor-type=\"wp-page\" data-elementor-id=\"2296\" class=\"elementor elementor-2296 elementor-2249\">\n\t\t\t\t\t\t<section class=\"elementor-section elementor-top-section elementor-element elementor-element-90042a6 elementor-section-boxed elementor-section-height-default elementor-section-height-default parallax_section_no qode_elementor_container_no qode-content-aligment-left\" data-id=\"90042a6\" data-element_type=\"section\">\n\t\t\t\t\t\t<div class=\"elementor-container elementor-column-gap-default\">\n\t\t\t\t\t<div class=\"elementor-column elementor-col-100 elementor-top-column elementor-element elementor-element-1611a12\" data-id=\"1611a12\" data-element_type=\"column\">\n\t\t\t<div class=\"elementor-widget-wrap elementor-element-populated\">\n\t\t\t\t\t\t<div class=\"elementor-element elementor-element-6db6e95 elementor-widget elementor-widget-text-editor\" data-id=\"6db6e95\" data-element_type=\"widget\" data-widget_type=\"text-editor.default\">\n\t\t\t\t<div class=\"elementor-widget-container\">\n\t\t\t\t\t\t\t\t\t<p>En cumplimiento del art\u00edculo 10 de la Ley 34\/2002, de 11 de julio, de Servicios de la Sociedad de la Informaci\u00f3n y Comercio Electr\u00f3nico (LSSI-CE) a continuaci\u00f3n se detallan los datos identificativos de la empresa:<\/p>\n\t\t\t\t\t\t\t\t<\/div>\n\t\t\t\t<\/div>\n\t\t\t\t<div class=\"elementor-element elementor-element-dc6b534 elementor-widget elementor-widget-text-editor\" data-id=\"dc6b534\" data-element_type=\"widget\" data-widget_type=\"text-editor.default\">\n\t\t\t\t<div class=\"elementor-widget-container\">\n\t\t\t\t\t\t\t\t\t<p><strong>NOMBRE<\/strong><br \/>Raz\u00f3n social: Ferran Porta Duran<br \/>DNI: 52143567Z<br \/>Direcci\u00f3n: Plaza Llu\u00eds Perpi\u00f1\u00e1n, 10<br \/>Granollers, Barcelona<br \/>Tel\u00e9fono: +34 93 870 08 30<br \/>Email: <a href=\"mailto:atencio.client@antoniporta.com\">atencio.client@antoniporta.com<\/a><\/p>\n\t\t\t\t\t\t\t\t<\/div>\n\t\t\t\t<\/div>\n\t\t\t\t<div class=\"elementor-element elementor-element-8b96205 elementor-widget elementor-widget-text-editor\" data-id=\"8b96205\" data-element_type=\"widget\" data-widget_type=\"text-editor.default\">\n\t\t\t\t<div class=\"elementor-widget-container\">\n\t\t\t\t\t\t\t\t\t<p><strong>FINALIDAD DE LA P\u00c1GINA WEB<\/strong><\/p>\n\t\t\t\t\t\t\t\t<\/div>\n\t\t\t\t<\/div>\n\t\t\t\t<div class=\"elementor-element elementor-element-aae5ec3 elementor-widget elementor-widget-text-editor\" data-id=\"aae5ec3\" data-element_type=\"widget\" data-widget_type=\"text-editor.default\">\n\t\t\t\t<div class=\"elementor-widget-container\">\n\t\t\t\t\t\t\t\t\t<p>La finalidad de esta web es atender a sus consultas y peticiones.<\/p>\n\t\t\t\t\t\t\t\t<\/div>\n\t\t\t\t<\/div>\n\t\t\t\t<div class=\"elementor-element elementor-element-40b1bc3 elementor-widget elementor-widget-text-editor\" data-id=\"40b1bc3\" data-element_type=\"widget\" data-widget_type=\"text-editor.default\">\n\t\t\t\t<div class=\"elementor-widget-container\">\n\t\t\t\t\t\t\t\t\t<p>El presente aviso legal (en adelante, \u00abAviso Legal\u00bb) regula el uso del sitio web: www.antoniporta.com<\/p>\n\t\t\t\t\t\t\t\t<\/div>\n\t\t\t\t<\/div>\n\t\t\t\t<div class=\"elementor-element elementor-element-5f19440 elementor-widget elementor-widget-text-editor\" data-id=\"5f19440\" data-element_type=\"widget\" data-widget_type=\"text-editor.default\">\n\t\t\t\t<div class=\"elementor-widget-container\">\n\t\t\t\t\t\t\t\t\t<p><strong>LEGISLACI\u00d3N<\/strong><\/p>\n\t\t\t\t\t\t\t\t<\/div>\n\t\t\t\t<\/div>\n\t\t\t\t<div class=\"elementor-element elementor-element-2649568 elementor-widget elementor-widget-text-editor\" data-id=\"2649568\" data-element_type=\"widget\" data-widget_type=\"text-editor.default\">\n\t\t\t\t<div class=\"elementor-widget-container\">\n\t\t\t\t\t\t\t\t\t<p>Con car\u00e1cter general, las relaciones entre Ferran Porta Duran con los usuarios de sus servicios telem\u00e1ticos, presentes en este sitio web, se encuentran sometidas a la legislaci\u00f3n y jurisdicci\u00f3n espa\u00f1olas.<\/p>\n\t\t\t\t\t\t\t\t<\/div>\n\t\t\t\t<\/div>\n\t\t\t\t<div class=\"elementor-element elementor-element-15a503f elementor-widget elementor-widget-text-editor\" data-id=\"15a503f\" data-element_type=\"widget\" data-widget_type=\"text-editor.default\">\n\t\t\t\t<div class=\"elementor-widget-container\">\n\t\t\t\t\t\t\t\t\t<p><strong>USO Y ACCESO DE USUARIOS<\/strong><\/p>\n\t\t\t\t\t\t\t\t<\/div>\n\t\t\t\t<\/div>\n\t\t\t\t<div class=\"elementor-element elementor-element-38c3ec0 elementor-widget elementor-widget-text-editor\" data-id=\"38c3ec0\" data-element_type=\"widget\" data-widget_type=\"text-editor.default\">\n\t\t\t\t<div class=\"elementor-widget-container\">\n\t\t\t\t\t\t\t\t\t<p>El Usuario queda informado, y acepta, que el acceso a la presente web no supone, en modo alguno, el inicio de una relaci\u00f3n comercial con Ferran Porta Duran o cualquiera de sus delegaciones.<\/p>\n\t\t\t\t\t\t\t\t<\/div>\n\t\t\t\t<\/div>\n\t\t\t\t<div class=\"elementor-element elementor-element-8a9930c elementor-widget elementor-widget-text-editor\" data-id=\"8a9930c\" data-element_type=\"widget\" data-widget_type=\"text-editor.default\">\n\t\t\t\t<div class=\"elementor-widget-container\">\n\t\t\t\t\t\t\t\t\t<p><strong>PROPIEDAD INTELECTUAL E INDUSTRIAL<\/strong><\/p>\n\t\t\t\t\t\t\t\t<\/div>\n\t\t\t\t<\/div>\n\t\t\t\t<div class=\"elementor-element elementor-element-989a6ce elementor-widget elementor-widget-text-editor\" data-id=\"989a6ce\" data-element_type=\"widget\" data-widget_type=\"text-editor.default\">\n\t\t\t\t<div class=\"elementor-widget-container\">\n\t\t\t\t\t\t\t\t\t<p>Los derechos de propiedad intelectual del contenido de las p\u00e1ginas web, su dise\u00f1o gr\u00e1fico y c\u00f3digos son titularidad de Ferran Porta Duran y, por tanto, queda prohibida su reproducci\u00f3n, distribuci\u00f3n, comunicaci\u00f3n p\u00fablica, transformaci\u00f3n o cualquier otra actividad que se pueda realizar con los contenidos de sus p\u00e1ginas web ni incluso citando las fuentes, salvo consentimiento por escrito de Ferran Porta Duran.<\/p>\n\t\t\t\t\t\t\t\t<\/div>\n\t\t\t\t<\/div>\n\t\t\t\t<div class=\"elementor-element elementor-element-79142fd elementor-widget elementor-widget-text-editor\" data-id=\"79142fd\" data-element_type=\"widget\" data-widget_type=\"text-editor.default\">\n\t\t\t\t<div class=\"elementor-widget-container\">\n\t\t\t\t\t\t\t\t\t<p><strong>CONTENIDO DE LA WEB Y ENLACES (LINKS)<\/strong><\/p>\n\t\t\t\t\t\t\t\t<\/div>\n\t\t\t\t<\/div>\n\t\t\t\t<div class=\"elementor-element elementor-element-0cbd001 elementor-widget elementor-widget-text-editor\" data-id=\"0cbd001\" data-element_type=\"widget\" data-widget_type=\"text-editor.default\">\n\t\t\t\t<div class=\"elementor-widget-container\">\n\t\t\t\t\t\t\t\t\t<p>Ferran Porta Duran se reserva el derecho a actualizar, modificar o eliminar la informaci\u00f3n contenida en sus p\u00e1ginas web pudiendo incluso limitar o no permitir el acceso a esta informaci\u00f3n a ciertos usuarios. Documentaci\u00f3n LSSI-CE Ferran Porta Duran.<\/p>\n\t\t\t\t\t\t\t\t<\/div>\n\t\t\t\t<\/div>\n\t\t\t\t<div class=\"elementor-element elementor-element-9fa5a79 elementor-widget elementor-widget-text-editor\" data-id=\"9fa5a79\" data-element_type=\"widget\" data-widget_type=\"text-editor.default\">\n\t\t\t\t<div class=\"elementor-widget-container\">\n\t\t\t\t\t\t\t\t\t<p>Ferran Porta Duran no asume responsabilidad alguna por la informaci\u00f3n contenida en p\u00e1ginas web de terceros a las que se pueda acceder por \u00ablinks\u00bb o enlaces desde cualquier p\u00e1gina web propiedad de Ferran Porta Duran. La presencia de \u00ablinks\u00bb o enlaces a las p\u00e1ginas tiene finalidad meramente informativa y en ning\u00fan caso supone sugerencia, invitaci\u00f3n o recomendaci\u00f3n.<\/p>\n\t\t\t\t\t\t\t\t<\/div>\n\t\t\t\t<\/div>\n\t\t\t\t<div class=\"elementor-element elementor-element-da4535c elementor-widget elementor-widget-text-editor\" data-id=\"da4535c\" data-element_type=\"widget\" data-widget_type=\"text-editor.default\">\n\t\t\t\t<div class=\"elementor-widget-container\">\n\t\t\t\t\t\t\t\t\t<p><strong>ACCESIBILIDAD<\/strong><\/p>\n\t\t\t\t\t\t\t\t<\/div>\n\t\t\t\t<\/div>\n\t\t\t\t<div class=\"elementor-element elementor-element-6e75e1c elementor-widget elementor-widget-text-editor\" data-id=\"6e75e1c\" data-element_type=\"widget\" data-widget_type=\"text-editor.default\">\n\t\t\t\t<div class=\"elementor-widget-container\">\n\t\t\t\t\t\t\t\t\t<p>Nos hemos comprometido a hacer accesible nuestro sitio web cumpliendo el nivel AA de las Pautas WCAG-2.1.<\/p>\n\t\t\t\t\t\t\t\t<\/div>\n\t\t\t\t<\/div>\n\t\t\t\t<div class=\"elementor-element elementor-element-6f1b23b elementor-widget elementor-widget-text-editor\" data-id=\"6f1b23b\" data-element_type=\"widget\" data-widget_type=\"text-editor.default\">\n\t\t\t\t<div class=\"elementor-widget-container\">\n\t\t\t\t\t\t\t\t\t<p>Esta declaraci\u00f3n de accesibilidad se aplica a este sitio web.<\/p>\n\t\t\t\t\t\t\t\t<\/div>\n\t\t\t\t<\/div>\n\t\t\t\t<div class=\"elementor-element elementor-element-fa5c697 elementor-widget elementor-widget-text-editor\" data-id=\"fa5c697\" data-element_type=\"widget\" data-widget_type=\"text-editor.default\">\n\t\t\t\t<div class=\"elementor-widget-container\">\n\t\t\t\t\t\t\t\t\t<p><strong>Contenido no accesible<\/strong><\/p>\n\t\t\t\t\t\t\t\t<\/div>\n\t\t\t\t<\/div>\n\t\t\t\t<div class=\"elementor-element elementor-element-3a89db2 elementor-widget elementor-widget-text-editor\" data-id=\"3a89db2\" data-element_type=\"widget\" data-widget_type=\"text-editor.default\">\n\t\t\t\t<div class=\"elementor-widget-container\">\n\t\t\t\t\t\t\t\t\t<p>Podr\u00edan existir documentos ofim\u00e1ticos en PDF y otros formatos publicados con posterioridad al 20 de septiembre de 2018 que no cumplan totalmente los requisitos de accesibilidad.<br \/>Podr\u00edan existir errores de c\u00f3digo puntuales de edici\u00f3n en alguna p\u00e1gina web.<\/p>\n\t\t\t\t\t\t\t\t<\/div>\n\t\t\t\t<\/div>\n\t\t\t\t<div class=\"elementor-element elementor-element-a910ec0 elementor-widget elementor-widget-text-editor\" data-id=\"a910ec0\" data-element_type=\"widget\" data-widget_type=\"text-editor.default\">\n\t\t\t\t<div class=\"elementor-widget-container\">\n\t\t\t\t\t\t\t\t\t<p>Preparaci\u00f3n para la siguiente declaraci\u00f3n de accesibilidad.<\/p>\n\t\t\t\t\t\t\t\t<\/div>\n\t\t\t\t<\/div>\n\t\t\t\t<div class=\"elementor-element elementor-element-3fa6858 elementor-widget elementor-widget-text-editor\" data-id=\"3fa6858\" data-element_type=\"widget\" data-widget_type=\"text-editor.default\">\n\t\t\t\t<div class=\"elementor-widget-container\">\n\t\t\t\t\t\t\t\t\t<p>Esta declaraci\u00f3n fue preparada con un m\u00e9todo de autoevaluaci\u00f3n el 15 de febrero de 2024.<\/p>\n\t\t\t\t\t\t\t\t<\/div>\n\t\t\t\t<\/div>\n\t\t\t\t<div class=\"elementor-element elementor-element-de0cd3d elementor-widget elementor-widget-text-editor\" data-id=\"de0cd3d\" data-element_type=\"widget\" data-widget_type=\"text-editor.default\">\n\t\t\t\t<div class=\"elementor-widget-container\">\n\t\t\t\t\t\t\t\t\t<p><strong>Observaciones y datos de contacto<\/strong><\/p>\n\t\t\t\t\t\t\t\t<\/div>\n\t\t\t\t<\/div>\n\t\t\t\t<div class=\"elementor-element elementor-element-80bbac0 elementor-widget elementor-widget-text-editor\" data-id=\"80bbac0\" data-element_type=\"widget\" data-widget_type=\"text-editor.default\">\n\t\t\t\t<div class=\"elementor-widget-container\">\n\t\t\t\t\t\t\t\t\t<p>Puede realizar comunicaciones sobre requisitos de accesibilidad mediante el formulario de contacto de este sitio web o mediante el correo electr\u00f3nico de contacto.<\/p>\n\t\t\t\t\t\t\t\t<\/div>\n\t\t\t\t<\/div>\n\t\t\t\t<div class=\"elementor-element elementor-element-07761c5 elementor-widget elementor-widget-text-editor\" data-id=\"07761c5\" data-element_type=\"widget\" data-widget_type=\"text-editor.default\">\n\t\t\t\t<div class=\"elementor-widget-container\">\n\t\t\t\t\t\t\t\t\t<p>En la Solicitud de informaci\u00f3n accesible, deben concretarse, con toda claridad, los hechos, las razones y la petici\u00f3n que permitan constatar que se trata de una solicitud razonable y leg\u00edtima.<\/p>\n\t\t\t\t\t\t\t\t<\/div>\n\t\t\t\t<\/div>\n\t\t\t\t<div class=\"elementor-element elementor-element-b41216f elementor-widget elementor-widget-text-editor\" data-id=\"b41216f\" data-element_type=\"widget\" data-widget_type=\"text-editor.default\">\n\t\t\t\t<div class=\"elementor-widget-container\">\n\t\t\t\t\t\t\t\t\t<p>Les aplicaci\u00f3 de les reclamacions sobre accessibilitat es tindran en compte i possiblement quedaran aplicades en properes actualitzacions.<\/p>\n\t\t\t\t\t\t\t\t<\/div>\n\t\t\t\t<\/div>\n\t\t\t\t\t<\/div>\n\t\t<\/div>\n\t\t\t\t\t<\/div>\n\t\t<\/section>\n\t\t\t\t<\/div>\n\t\t","protected":false},"excerpt":{"rendered":"<p>En cumplimiento del art\u00edculo 10 de la Ley 34\/2002, de 11 de julio, de Servicios de la Sociedad de la Informaci\u00f3n y Comercio Electr\u00f3nico (LSSI-CE) a continuaci\u00f3n se detallan los datos identificativos de la empresa: NOMBRERaz\u00f3n social: Ferran Porta DuranDNI: 52143567ZDirecci\u00f3n: Plaza Llu\u00eds Perpi\u00f1\u00e1n, 10Granollers,&#8230;<\/p>\n","protected":false},"author":1,"featured_media":0,"parent":0,"menu_order":0,"comment_status":"closed","ping_status":"closed","template":"","meta":{"_monsterinsights_skip_tracking":false,"_monsterinsights_sitenote_active":false,"_monsterinsights_sitenote_note":"","_monsterinsights_sitenote_category":0,"footnotes":""},"class_list":["post-2296","page","type-page","status-publish","hentry"],"yoast_head":"<!-- This site is optimized with the Yoast SEO plugin v26.5 - https:\/\/yoast.com\/wordpress\/plugins\/seo\/ -->\n<title>Aviso legal - Antoni Porta<\/title>\n<meta name=\"robots\" content=\"noindex, nofollow\" \/>\n<meta property=\"og:locale\" content=\"es_ES\" \/>\n<meta property=\"og:type\" content=\"article\" \/>\n<meta property=\"og:title\" content=\"Aviso legal - Antoni Porta\" \/>\n<meta property=\"og:description\" content=\"En cumplimiento del art\u00edculo 10 de la Ley 34\/2002, de 11 de julio, de Servicios de la Sociedad de la Informaci\u00f3n y Comercio Electr\u00f3nico (LSSI-CE) a continuaci\u00f3n se detallan los datos identificativos de la empresa: NOMBRERaz\u00f3n social: Ferran Porta DuranDNI: 52143567ZDirecci\u00f3n: Plaza Llu\u00eds Perpi\u00f1\u00e1n, 10Granollers,...\" \/>\n<meta property=\"og:url\" content=\"https:\/\/www.antoniporta.com\/es\/aviso-legal\/\" \/>\n<meta property=\"og:site_name\" content=\"Antoni Porta\" \/>\n<meta property=\"article:publisher\" content=\"https:\/\/www.facebook.com\/Porta1936\/\" \/>\n<meta property=\"article:modified_time\" content=\"2024-02-26T18:36:30+00:00\" \/>\n<meta name=\"twitter:card\" content=\"summary_large_image\" \/>\n<meta name=\"twitter:site\" content=\"@PORTAgranollers\" \/>\n<meta name=\"twitter:label1\" content=\"Tiempo de lectura\" \/>\n\t<meta name=\"twitter:data1\" content=\"3 minutos\" \/>\n<script type=\"application\/ld+json\" class=\"yoast-schema-graph\">{\"@context\":\"https:\/\/schema.org\",\"@graph\":[{\"@type\":\"WebPage\",\"@id\":\"https:\/\/www.antoniporta.com\/es\/aviso-legal\/\",\"url\":\"https:\/\/www.antoniporta.com\/es\/aviso-legal\/\",\"name\":\"Aviso legal - Antoni Porta\",\"isPartOf\":{\"@id\":\"https:\/\/www.antoniporta.com\/es\/#website\"},\"datePublished\":\"2024-02-20T13:28:55+00:00\",\"dateModified\":\"2024-02-26T18:36:30+00:00\",\"breadcrumb\":{\"@id\":\"https:\/\/www.antoniporta.com\/es\/aviso-legal\/#breadcrumb\"},\"inLanguage\":\"es\",\"potentialAction\":[{\"@type\":\"ReadAction\",\"target\":[\"https:\/\/www.antoniporta.com\/es\/aviso-legal\/\"]}]},{\"@type\":\"BreadcrumbList\",\"@id\":\"https:\/\/www.antoniporta.com\/es\/aviso-legal\/#breadcrumb\",\"itemListElement\":[{\"@type\":\"ListItem\",\"position\":1,\"name\":\"Inici\",\"item\":\"https:\/\/www.antoniporta.com\/es\/\"},{\"@type\":\"ListItem\",\"position\":2,\"name\":\"Aviso legal\"}]},{\"@type\":\"WebSite\",\"@id\":\"https:\/\/www.antoniporta.com\/es\/#website\",\"url\":\"https:\/\/www.antoniporta.com\/es\/\",\"name\":\"Antoni Porta\",\"description\":\"Ropa para hombre desde 1932\",\"publisher\":{\"@id\":\"https:\/\/www.antoniporta.com\/es\/#organization\"},\"potentialAction\":[{\"@type\":\"SearchAction\",\"target\":{\"@type\":\"EntryPoint\",\"urlTemplate\":\"https:\/\/www.antoniporta.com\/es\/?s={search_term_string}\"},\"query-input\":{\"@type\":\"PropertyValueSpecification\",\"valueRequired\":true,\"valueName\":\"search_term_string\"}}],\"inLanguage\":\"es\"},{\"@type\":\"Organization\",\"@id\":\"https:\/\/www.antoniporta.com\/es\/#organization\",\"name\":\"Antoni Porta\",\"url\":\"https:\/\/www.antoniporta.com\/es\/\",\"logo\":{\"@type\":\"ImageObject\",\"inLanguage\":\"es\",\"@id\":\"https:\/\/www.antoniporta.com\/es\/#\/schema\/logo\/image\/\",\"url\":\"https:\/\/www.antoniporta.com\/wp-content\/uploads\/2024\/01\/etiqueta-porta-square.png\",\"contentUrl\":\"https:\/\/www.antoniporta.com\/wp-content\/uploads\/2024\/01\/etiqueta-porta-square.png\",\"width\":500,\"height\":453,\"caption\":\"Antoni Porta\"},\"image\":{\"@id\":\"https:\/\/www.antoniporta.com\/es\/#\/schema\/logo\/image\/\"},\"sameAs\":[\"https:\/\/www.facebook.com\/Porta1936\/\",\"https:\/\/x.com\/PORTAgranollers\",\"http:\/\/www.youtube.com\/user\/Portamodagranollers\",\"https:\/\/www.instagram.com\/portamodagranollers\/\"]}]}<\/script>\n<!-- \/ Yoast SEO plugin. -->","yoast_head_json":{"title":"Aviso legal - Antoni Porta","robots":{"index":"noindex","follow":"nofollow"},"og_locale":"es_ES","og_type":"article","og_title":"Aviso legal - Antoni Porta","og_description":"En cumplimiento del art\u00edculo 10 de la Ley 34\/2002, de 11 de julio, de Servicios de la Sociedad de la Informaci\u00f3n y Comercio Electr\u00f3nico (LSSI-CE) a continuaci\u00f3n se detallan los datos identificativos de la empresa: NOMBRERaz\u00f3n social: Ferran Porta DuranDNI: 52143567ZDirecci\u00f3n: Plaza Llu\u00eds Perpi\u00f1\u00e1n, 10Granollers,...","og_url":"https:\/\/www.antoniporta.com\/es\/aviso-legal\/","og_site_name":"Antoni Porta","article_publisher":"https:\/\/www.facebook.com\/Porta1936\/","article_modified_time":"2024-02-26T18:36:30+00:00","twitter_card":"summary_large_image","twitter_site":"@PORTAgranollers","twitter_misc":{"Tiempo de lectura":"3 minutos"},"schema":{"@context":"https:\/\/schema.org","@graph":[{"@type":"WebPage","@id":"https:\/\/www.antoniporta.com\/es\/aviso-legal\/","url":"https:\/\/www.antoniporta.com\/es\/aviso-legal\/","name":"Aviso legal - Antoni Porta","isPartOf":{"@id":"https:\/\/www.antoniporta.com\/es\/#website"},"datePublished":"2024-02-20T13:28:55+00:00","dateModified":"2024-02-26T18:36:30+00:00","breadcrumb":{"@id":"https:\/\/www.antoniporta.com\/es\/aviso-legal\/#breadcrumb"},"inLanguage":"es","potentialAction":[{"@type":"ReadAction","target":["https:\/\/www.antoniporta.com\/es\/aviso-legal\/"]}]},{"@type":"BreadcrumbList","@id":"https:\/\/www.antoniporta.com\/es\/aviso-legal\/#breadcrumb","itemListElement":[{"@type":"ListItem","position":1,"name":"Inici","item":"https:\/\/www.antoniporta.com\/es\/"},{"@type":"ListItem","position":2,"name":"Aviso legal"}]},{"@type":"WebSite","@id":"https:\/\/www.antoniporta.com\/es\/#website","url":"https:\/\/www.antoniporta.com\/es\/","name":"Antoni Porta","description":"Ropa para hombre desde 1932","publisher":{"@id":"https:\/\/www.antoniporta.com\/es\/#organization"},"potentialAction":[{"@type":"SearchAction","target":{"@type":"EntryPoint","urlTemplate":"https:\/\/www.antoniporta.com\/es\/?s={search_term_string}"},"query-input":{"@type":"PropertyValueSpecification","valueRequired":true,"valueName":"search_term_string"}}],"inLanguage":"es"},{"@type":"Organization","@id":"https:\/\/www.antoniporta.com\/es\/#organization","name":"Antoni Porta","url":"https:\/\/www.antoniporta.com\/es\/","logo":{"@type":"ImageObject","inLanguage":"es","@id":"https:\/\/www.antoniporta.com\/es\/#\/schema\/logo\/image\/","url":"https:\/\/www.antoniporta.com\/wp-content\/uploads\/2024\/01\/etiqueta-porta-square.png","contentUrl":"https:\/\/www.antoniporta.com\/wp-content\/uploads\/2024\/01\/etiqueta-porta-square.png","width":500,"height":453,"caption":"Antoni Porta"},"image":{"@id":"https:\/\/www.antoniporta.com\/es\/#\/schema\/logo\/image\/"},"sameAs":["https:\/\/www.facebook.com\/Porta1936\/","https:\/\/x.com\/PORTAgranollers","http:\/\/www.youtube.com\/user\/Portamodagranollers","https:\/\/www.instagram.com\/portamodagranollers\/"]}]}},"_links":{"self":[{"href":"https:\/\/www.antoniporta.com\/es\/wp-json\/wp\/v2\/pages\/2296","targetHints":{"allow":["GET"]}}],"collection":[{"href":"https:\/\/www.antoniporta.com\/es\/wp-json\/wp\/v2\/pages"}],"about":[{"href":"https:\/\/www.antoniporta.com\/es\/wp-json\/wp\/v2\/types\/page"}],"author":[{"embeddable":true,"href":"https:\/\/www.antoniporta.com\/es\/wp-json\/wp\/v2\/users\/1"}],"replies":[{"embeddable":true,"href":"https:\/\/www.antoniporta.com\/es\/wp-json\/wp\/v2\/comments?post=2296"}],"version-history":[{"count":1,"href":"https:\/\/www.antoniporta.com\/es\/wp-json\/wp\/v2\/pages\/2296\/revisions"}],"predecessor-version":[{"id":2297,"href":"https:\/\/www.antoniporta.com\/es\/wp-json\/wp\/v2\/pages\/2296\/revisions\/2297"}],"wp:attachment":[{"href":"https:\/\/www.antoniporta.com\/es\/wp-json\/wp\/v2\/media?parent=2296"}],"curies":[{"name":"wp","href":"https:\/\/api.w.org\/{rel}","templated":true}]}}