{"id":2286,"date":"2024-02-20T13:20:35","date_gmt":"2024-02-20T13:20:35","guid":{"rendered":"https:\/\/www.antoniporta.com\/desde-1932-2\/"},"modified":"2024-02-22T12:23:39","modified_gmt":"2024-02-22T12:23:39","slug":"desde-1932-2","status":"publish","type":"page","link":"https:\/\/www.antoniporta.com\/es\/desde-1932-2\/","title":{"rendered":"Desde 1932"},"content":{"rendered":"\t\t<div data-elementor-type=\"wp-page\" data-elementor-id=\"2286\" class=\"elementor elementor-2286 elementor-1760\">\n\t\t\t\t\t\t<section class=\"elementor-section elementor-top-section elementor-element elementor-element-02d15f9 elementor-section-full_width elementor-section-height-default elementor-section-height-default parallax_section_no qode_elementor_container_no qode-content-aligment-left\" data-id=\"02d15f9\" data-element_type=\"section\">\n\t\t\t\t\t\t<div class=\"elementor-container elementor-column-gap-default\">\n\t\t\t\t\t<div class=\"elementor-column elementor-col-100 elementor-top-column elementor-element elementor-element-75a369d\" data-id=\"75a369d\" data-element_type=\"column\">\n\t\t\t<div class=\"elementor-widget-wrap elementor-element-populated\">\n\t\t\t\t\t\t<div class=\"elementor-element elementor-element-0e139c6 elementor-widget elementor-widget-heading\" data-id=\"0e139c6\" data-element_type=\"widget\" data-widget_type=\"heading.default\">\n\t\t\t\t<div class=\"elementor-widget-container\">\n\t\t\t\t\t<h1 class=\"elementor-heading-title elementor-size-default\">VALORES PORTA<\/h1>\t\t\t\t<\/div>\n\t\t\t\t<\/div>\n\t\t\t\t<div class=\"elementor-element elementor-element-a0d3037 elementor-widget elementor-widget-heading\" data-id=\"a0d3037\" data-element_type=\"widget\" data-widget_type=\"heading.default\">\n\t\t\t\t<div class=\"elementor-widget-container\">\n\t\t\t\t\t<h4 class=\"elementor-heading-title elementor-size-default\">Basados \u200b\u200ben la profesionalidad y la honestidad buscamos la confianza del cliente, ofrecemos moda actual de excelente calidad, a buen precio y con el mejor servicio.<\/h4>\t\t\t\t<\/div>\n\t\t\t\t<\/div>\n\t\t\t\t\t<\/div>\n\t\t<\/div>\n\t\t\t\t\t<\/div>\n\t\t<\/section>\n\t\t\t\t<section class=\"elementor-section elementor-top-section elementor-element elementor-element-7fd9c64 elementor-section-full_width elementor-section-height-default elementor-section-height-default parallax_section_no qode_elementor_container_no qode-content-aligment-left\" data-id=\"7fd9c64\" data-element_type=\"section\">\n\t\t\t\t\t\t<div class=\"elementor-container elementor-column-gap-default\">\n\t\t\t\t\t<div class=\"elementor-column elementor-col-100 elementor-top-column elementor-element elementor-element-3a9c5df\" data-id=\"3a9c5df\" data-element_type=\"column\">\n\t\t\t<div class=\"elementor-widget-wrap elementor-element-populated\">\n\t\t\t\t\t\t<section class=\"elementor-section elementor-inner-section elementor-element elementor-element-b329c78 elementor-section-full_width elementor-section-height-default elementor-section-height-default parallax_section_no qode_elementor_container_no qode-content-aligment-left\" data-id=\"b329c78\" data-element_type=\"section\">\n\t\t\t\t\t\t<div class=\"elementor-container elementor-column-gap-default\">\n\t\t\t\t\t<div class=\"elementor-column elementor-col-50 elementor-inner-column elementor-element elementor-element-ccdbe05\" data-id=\"ccdbe05\" data-element_type=\"column\">\n\t\t\t<div class=\"elementor-widget-wrap elementor-element-populated\">\n\t\t\t\t\t\t<div class=\"elementor-element elementor-element-188fe9a elementor-widget elementor-widget-image\" data-id=\"188fe9a\" data-element_type=\"widget\" data-widget_type=\"image.default\">\n\t\t\t\t<div class=\"elementor-widget-container\">\n\t\t\t\t\t\t\t\t\t\t\t\t\t\t\t<img fetchpriority=\"high\" decoding=\"async\" width=\"3000\" height=\"2001\" src=\"https:\/\/www.antoniporta.com\/wp-content\/uploads\/2019\/01\/DSC05753.jpg\" class=\"attachment-full size-full wp-image-922\" alt=\"\" srcset=\"https:\/\/www.antoniporta.com\/wp-content\/uploads\/2019\/01\/DSC05753.jpg 3000w, https:\/\/www.antoniporta.com\/wp-content\/uploads\/2019\/01\/DSC05753-300x200.jpg 300w, https:\/\/www.antoniporta.com\/wp-content\/uploads\/2019\/01\/DSC05753-768x512.jpg 768w, https:\/\/www.antoniporta.com\/wp-content\/uploads\/2019\/01\/DSC05753-1024x683.jpg 1024w, https:\/\/www.antoniporta.com\/wp-content\/uploads\/2019\/01\/DSC05753-700x467.jpg 700w, https:\/\/www.antoniporta.com\/wp-content\/uploads\/2019\/01\/DSC05753-1100x734.jpg 1100w\" sizes=\"(max-width: 3000px) 100vw, 3000px\" \/>\t\t\t\t\t\t\t\t\t\t\t\t\t\t\t<\/div>\n\t\t\t\t<\/div>\n\t\t\t\t\t<\/div>\n\t\t<\/div>\n\t\t\t\t<div class=\"elementor-column elementor-col-50 elementor-inner-column elementor-element elementor-element-081054c\" data-id=\"081054c\" data-element_type=\"column\">\n\t\t\t<div class=\"elementor-widget-wrap elementor-element-populated\">\n\t\t\t\t\t\t<div class=\"elementor-element elementor-element-f548313 elementor-widget elementor-widget-heading\" data-id=\"f548313\" data-element_type=\"widget\" data-widget_type=\"heading.default\">\n\t\t\t\t<div class=\"elementor-widget-container\">\n\t\t\t\t\t<h2 class=\"elementor-heading-title elementor-size-default\">3a generaci\u00f3n<\/h2>\t\t\t\t<\/div>\n\t\t\t\t<\/div>\n\t\t\t\t<div class=\"elementor-element elementor-element-ffe7e41 elementor-widget elementor-widget-heading\" data-id=\"ffe7e41\" data-element_type=\"widget\" data-widget_type=\"heading.default\">\n\t\t\t\t<div class=\"elementor-widget-container\">\n\t\t\t\t\t<p class=\"elementor-heading-title elementor-size-default\">Actualmente, ya con la tercera generaci\u00f3n Porta y situados en una nueva tienda m\u00e1s grande y moderna, trabajamos para seguir siendo el referente en Granollers y en la comarca en el mundo del vestir bien al hombre. Ofrecemos una moda actualizada, con una calidad dise\u00f1ada para sacarle un gran rendimiento a la ropa.<\/p>\t\t\t\t<\/div>\n\t\t\t\t<\/div>\n\t\t\t\t\t<\/div>\n\t\t<\/div>\n\t\t\t\t\t<\/div>\n\t\t<\/section>\n\t\t\t\t\t<\/div>\n\t\t<\/div>\n\t\t\t\t\t<\/div>\n\t\t<\/section>\n\t\t\t\t<section class=\"elementor-section elementor-top-section elementor-element elementor-element-953ef9c elementor-section-full_width elementor-section-height-default elementor-section-height-default parallax_section_no qode_elementor_container_no qode-content-aligment-left\" data-id=\"953ef9c\" data-element_type=\"section\">\n\t\t\t\t\t\t<div class=\"elementor-container elementor-column-gap-default\">\n\t\t\t\t\t<div class=\"elementor-column elementor-col-100 elementor-top-column elementor-element elementor-element-5d895d5\" data-id=\"5d895d5\" data-element_type=\"column\">\n\t\t\t<div class=\"elementor-widget-wrap elementor-element-populated\">\n\t\t\t\t\t\t<section class=\"elementor-section elementor-inner-section elementor-element elementor-element-0167a7b elementor-section-boxed elementor-section-height-default elementor-section-height-default parallax_section_no qode_elementor_container_no qode-content-aligment-left\" data-id=\"0167a7b\" data-element_type=\"section\">\n\t\t\t\t\t\t<div class=\"elementor-container elementor-column-gap-default\">\n\t\t\t\t\t<div class=\"elementor-column elementor-col-50 elementor-inner-column elementor-element elementor-element-62f69ee\" data-id=\"62f69ee\" data-element_type=\"column\">\n\t\t\t<div class=\"elementor-widget-wrap elementor-element-populated\">\n\t\t\t\t\t\t<div class=\"elementor-element elementor-element-df338a8 elementor-widget elementor-widget-heading\" data-id=\"df338a8\" data-element_type=\"widget\" data-widget_type=\"heading.default\">\n\t\t\t\t<div class=\"elementor-widget-container\">\n\t\t\t\t\t<h3 class=\"elementor-heading-title elementor-size-default\">Antoni Porta en Granollers <br>desde 1932<\/h3>\t\t\t\t<\/div>\n\t\t\t\t<\/div>\n\t\t\t\t\t<\/div>\n\t\t<\/div>\n\t\t\t\t<div class=\"elementor-column elementor-col-50 elementor-inner-column elementor-element elementor-element-b932683\" data-id=\"b932683\" data-element_type=\"column\">\n\t\t\t<div class=\"elementor-widget-wrap elementor-element-populated\">\n\t\t\t\t\t\t<div class=\"elementor-element elementor-element-19c86f6 elementor-widget elementor-widget-heading\" data-id=\"19c86f6\" data-element_type=\"widget\" data-widget_type=\"heading.default\">\n\t\t\t\t<div class=\"elementor-widget-container\">\n\t\t\t\t\t<p class=\"elementor-heading-title elementor-size-default\">Antoni Porta Massobe llega a Granollers en 1932 y abre una nueva sastrer\u00eda en la plaza Maluquer i Salvador. R\u00e1pidamente se hace un sitio en el mundo del vestir en Granollers, gracias a una gran visi\u00f3n comercial. En 1967 su hijo Antoni Porta Benezet, abre una nueva tienda de ropa por hombre en la plaza Perpi\u00f1\u00e1n, pasando de la sastrer\u00eda a medida a la confecci\u00f3n industrial, con la filosof\u00eda de seguir ofreciendo la marca propia PORTA.<\/p>\t\t\t\t<\/div>\n\t\t\t\t<\/div>\n\t\t\t\t\t<\/div>\n\t\t<\/div>\n\t\t\t\t\t<\/div>\n\t\t<\/section>\n\t\t\t\t\t<\/div>\n\t\t<\/div>\n\t\t\t\t\t<\/div>\n\t\t<\/section>\n\t\t\t\t<section class=\"elementor-section elementor-top-section elementor-element elementor-element-3e58740 elementor-section-full_width elementor-section-height-default elementor-section-height-default parallax_section_no qode_elementor_container_no qode-content-aligment-left\" data-id=\"3e58740\" data-element_type=\"section\">\n\t\t\t\t\t\t<div class=\"elementor-container elementor-column-gap-default\">\n\t\t\t\t\t<div class=\"elementor-column elementor-col-100 elementor-top-column elementor-element elementor-element-82f58fe\" data-id=\"82f58fe\" data-element_type=\"column\">\n\t\t\t<div class=\"elementor-widget-wrap elementor-element-populated\">\n\t\t\t\t\t\t<section class=\"elementor-section elementor-inner-section elementor-element elementor-element-0294f34 elementor-section-full_width elementor-section-height-default elementor-section-height-default parallax_section_no qode_elementor_container_no qode-content-aligment-left\" data-id=\"0294f34\" data-element_type=\"section\">\n\t\t\t\t\t\t<div class=\"elementor-container elementor-column-gap-default\">\n\t\t\t\t\t<div class=\"elementor-column elementor-col-33 elementor-inner-column elementor-element elementor-element-83c603b\" data-id=\"83c603b\" data-element_type=\"column\">\n\t\t\t<div class=\"elementor-widget-wrap elementor-element-populated\">\n\t\t\t\t\t\t<div class=\"elementor-element elementor-element-4b65f65 elementor-position-top elementor-widget elementor-widget-image-box\" data-id=\"4b65f65\" data-element_type=\"widget\" data-widget_type=\"image-box.default\">\n\t\t\t\t<div class=\"elementor-widget-container\">\n\t\t\t\t\t<div class=\"elementor-image-box-wrapper\"><figure class=\"elementor-image-box-img\"><img decoding=\"async\" width=\"1100\" height=\"1092\" src=\"https:\/\/www.antoniporta.com\/wp-content\/uploads\/2024\/01\/porta-ilus-1.jpg\" class=\"attachment-full size-full wp-image-1435\" alt=\"\" srcset=\"https:\/\/www.antoniporta.com\/wp-content\/uploads\/2024\/01\/porta-ilus-1.jpg 1100w, https:\/\/www.antoniporta.com\/wp-content\/uploads\/2024\/01\/porta-ilus-1-300x298.jpg 300w, https:\/\/www.antoniporta.com\/wp-content\/uploads\/2024\/01\/porta-ilus-1-1024x1017.jpg 1024w, https:\/\/www.antoniporta.com\/wp-content\/uploads\/2024\/01\/porta-ilus-1-150x150.jpg 150w, https:\/\/www.antoniporta.com\/wp-content\/uploads\/2024\/01\/porta-ilus-1-768x762.jpg 768w, https:\/\/www.antoniporta.com\/wp-content\/uploads\/2024\/01\/porta-ilus-1-700x695.jpg 700w\" sizes=\"(max-width: 1100px) 100vw, 1100px\" \/><\/figure><div class=\"elementor-image-box-content\"><h5 class=\"elementor-image-box-title\">1932-1972<\/h5><p class=\"elementor-image-box-description\">Plaza Maluquer Salvador 16<\/p><\/div><\/div>\t\t\t\t<\/div>\n\t\t\t\t<\/div>\n\t\t\t\t\t<\/div>\n\t\t<\/div>\n\t\t\t\t<div class=\"elementor-column elementor-col-33 elementor-inner-column elementor-element elementor-element-b241072\" data-id=\"b241072\" data-element_type=\"column\">\n\t\t\t<div class=\"elementor-widget-wrap elementor-element-populated\">\n\t\t\t\t\t\t<div class=\"elementor-element elementor-element-ffadc96 elementor-position-top elementor-widget elementor-widget-image-box\" data-id=\"ffadc96\" data-element_type=\"widget\" data-widget_type=\"image-box.default\">\n\t\t\t\t<div class=\"elementor-widget-container\">\n\t\t\t\t\t<div class=\"elementor-image-box-wrapper\"><figure class=\"elementor-image-box-img\"><img decoding=\"async\" width=\"1100\" height=\"1109\" src=\"https:\/\/www.antoniporta.com\/wp-content\/uploads\/2024\/01\/porta-ilus-2.jpg\" class=\"attachment-full size-full wp-image-1431\" alt=\"\" srcset=\"https:\/\/www.antoniporta.com\/wp-content\/uploads\/2024\/01\/porta-ilus-2.jpg 1100w, https:\/\/www.antoniporta.com\/wp-content\/uploads\/2024\/01\/porta-ilus-2-298x300.jpg 298w, https:\/\/www.antoniporta.com\/wp-content\/uploads\/2024\/01\/porta-ilus-2-1016x1024.jpg 1016w, https:\/\/www.antoniporta.com\/wp-content\/uploads\/2024\/01\/porta-ilus-2-150x150.jpg 150w, https:\/\/www.antoniporta.com\/wp-content\/uploads\/2024\/01\/porta-ilus-2-768x774.jpg 768w, https:\/\/www.antoniporta.com\/wp-content\/uploads\/2024\/01\/porta-ilus-2-700x706.jpg 700w\" sizes=\"(max-width: 1100px) 100vw, 1100px\" \/><\/figure><div class=\"elementor-image-box-content\"><h5 class=\"elementor-image-box-title\">1967-2017<\/h5><p class=\"elementor-image-box-description\">Plaza Perpi\u00f1a 1<\/p><\/div><\/div>\t\t\t\t<\/div>\n\t\t\t\t<\/div>\n\t\t\t\t\t<\/div>\n\t\t<\/div>\n\t\t\t\t<div class=\"elementor-column elementor-col-33 elementor-inner-column elementor-element elementor-element-e9731dc\" data-id=\"e9731dc\" data-element_type=\"column\">\n\t\t\t<div class=\"elementor-widget-wrap elementor-element-populated\">\n\t\t\t\t\t\t<div class=\"elementor-element elementor-element-1420aae elementor-position-top elementor-widget elementor-widget-image-box\" data-id=\"1420aae\" data-element_type=\"widget\" data-widget_type=\"image-box.default\">\n\t\t\t\t<div class=\"elementor-widget-container\">\n\t\t\t\t\t<div class=\"elementor-image-box-wrapper\"><figure class=\"elementor-image-box-img\"><img loading=\"lazy\" decoding=\"async\" width=\"1100\" height=\"1116\" src=\"https:\/\/www.antoniporta.com\/wp-content\/uploads\/2024\/01\/porta-ilus-3.jpg\" class=\"attachment-full size-full wp-image-1433\" alt=\"\" srcset=\"https:\/\/www.antoniporta.com\/wp-content\/uploads\/2024\/01\/porta-ilus-3.jpg 1100w, https:\/\/www.antoniporta.com\/wp-content\/uploads\/2024\/01\/porta-ilus-3-296x300.jpg 296w, https:\/\/www.antoniporta.com\/wp-content\/uploads\/2024\/01\/porta-ilus-3-1009x1024.jpg 1009w, https:\/\/www.antoniporta.com\/wp-content\/uploads\/2024\/01\/porta-ilus-3-768x779.jpg 768w, https:\/\/www.antoniporta.com\/wp-content\/uploads\/2024\/01\/porta-ilus-3-700x710.jpg 700w\" sizes=\"(max-width: 1100px) 100vw, 1100px\" \/><\/figure><div class=\"elementor-image-box-content\"><h5 class=\"elementor-image-box-title\">1986<\/h5><p class=\"elementor-image-box-description\">Plaza Perpi\u00f1a 10<\/p><\/div><\/div>\t\t\t\t<\/div>\n\t\t\t\t<\/div>\n\t\t\t\t\t<\/div>\n\t\t<\/div>\n\t\t\t\t\t<\/div>\n\t\t<\/section>\n\t\t\t\t\t<\/div>\n\t\t<\/div>\n\t\t\t\t\t<\/div>\n\t\t<\/section>\n\t\t\t\t<section class=\"elementor-section elementor-top-section elementor-element elementor-element-7245e1b3 elementor-section-boxed elementor-section-height-default elementor-section-height-default parallax_section_no qode_elementor_container_no qode-content-aligment-left\" data-id=\"7245e1b3\" data-element_type=\"section\" data-settings=\"{&quot;background_background&quot;:&quot;classic&quot;}\">\n\t\t\t\t\t\t<div class=\"elementor-container elementor-column-gap-default\">\n\t\t\t\t\t<div class=\"elementor-column elementor-col-33 elementor-top-column elementor-element elementor-element-6a948e5e\" data-id=\"6a948e5e\" data-element_type=\"column\">\n\t\t\t<div class=\"elementor-widget-wrap elementor-element-populated\">\n\t\t\t\t\t\t<div class=\"elementor-element elementor-element-f3664a elementor-widget elementor-widget-heading\" data-id=\"f3664a\" data-element_type=\"widget\" data-widget_type=\"heading.default\">\n\t\t\t\t<div class=\"elementor-widget-container\">\n\t\t\t\t\t<h3 class=\"elementor-heading-title elementor-size-default\">Ventajas Puerta<\/h3>\t\t\t\t<\/div>\n\t\t\t\t<\/div>\n\t\t\t\t\t<\/div>\n\t\t<\/div>\n\t\t\t\t<div class=\"elementor-column elementor-col-66 elementor-top-column elementor-element elementor-element-2af40d43\" data-id=\"2af40d43\" data-element_type=\"column\">\n\t\t\t<div class=\"elementor-widget-wrap elementor-element-populated\">\n\t\t\t\t\t\t<section class=\"elementor-section elementor-inner-section elementor-element elementor-element-3bca7c15 elementor-section-boxed elementor-section-height-default elementor-section-height-default parallax_section_no qode_elementor_container_no qode-content-aligment-left\" data-id=\"3bca7c15\" data-element_type=\"section\">\n\t\t\t\t\t\t<div class=\"elementor-container elementor-column-gap-default\">\n\t\t\t\t\t<div class=\"elementor-column elementor-col-33 elementor-inner-column elementor-element elementor-element-7b61149f\" data-id=\"7b61149f\" data-element_type=\"column\">\n\t\t\t<div class=\"elementor-widget-wrap elementor-element-populated\">\n\t\t\t\t\t\t<div class=\"elementor-element elementor-element-7d4619ec elementor-widget elementor-widget-image\" data-id=\"7d4619ec\" data-element_type=\"widget\" data-widget_type=\"image.default\">\n\t\t\t\t<div class=\"elementor-widget-container\">\n\t\t\t\t\t\t\t\t\t\t\t\t\t\t\t<img loading=\"lazy\" decoding=\"async\" width=\"224\" height=\"225\" src=\"https:\/\/www.antoniporta.com\/wp-content\/uploads\/2024\/01\/grancentre.jpg\" class=\"attachment-large size-large wp-image-1798\" alt=\"\" srcset=\"https:\/\/www.antoniporta.com\/wp-content\/uploads\/2024\/01\/grancentre.jpg 224w, https:\/\/www.antoniporta.com\/wp-content\/uploads\/2024\/01\/grancentre-150x150.jpg 150w\" sizes=\"(max-width: 224px) 100vw, 224px\" \/>\t\t\t\t\t\t\t\t\t\t\t\t\t\t\t<\/div>\n\t\t\t\t<\/div>\n\t\t\t\t<div class=\"elementor-element elementor-element-164767c elementor-widget elementor-widget-text-editor\" data-id=\"164767c\" data-element_type=\"widget\" data-widget_type=\"text-editor.default\">\n\t\t\t\t<div class=\"elementor-widget-container\">\n\t\t\t\t\t\t\t\t\t<p>\u00a1Con la tarjeta \u201cGran Centro\u201d fracciona compras a 30, 60 y 90 d\u00edas sin intereses!<\/p>\n\t\t\t\t\t\t\t\t<\/div>\n\t\t\t\t<\/div>\n\t\t\t\t\t<\/div>\n\t\t<\/div>\n\t\t\t\t<div class=\"elementor-column elementor-col-33 elementor-inner-column elementor-element elementor-element-72b44719\" data-id=\"72b44719\" data-element_type=\"column\">\n\t\t\t<div class=\"elementor-widget-wrap elementor-element-populated\">\n\t\t\t\t\t\t<div class=\"elementor-element elementor-element-71008101 elementor-widget elementor-widget-image\" data-id=\"71008101\" data-element_type=\"widget\" data-widget_type=\"image.default\">\n\t\t\t\t<div class=\"elementor-widget-container\">\n\t\t\t\t\t\t\t\t\t\t\t\t\t\t\t<img loading=\"lazy\" decoding=\"async\" width=\"1024\" height=\"1024\" src=\"https:\/\/www.antoniporta.com\/wp-content\/uploads\/2024\/01\/PBlaus-copia-1024x1024.png\" class=\"attachment-large size-large wp-image-1796\" alt=\"\" srcset=\"https:\/\/www.antoniporta.com\/wp-content\/uploads\/2024\/01\/PBlaus-copia-1024x1024.png 1024w, https:\/\/www.antoniporta.com\/wp-content\/uploads\/2024\/01\/PBlaus-copia-300x300.png 300w, https:\/\/www.antoniporta.com\/wp-content\/uploads\/2024\/01\/PBlaus-copia-150x150.png 150w, https:\/\/www.antoniporta.com\/wp-content\/uploads\/2024\/01\/PBlaus-copia-768x768.png 768w, https:\/\/www.antoniporta.com\/wp-content\/uploads\/2024\/01\/PBlaus-copia-550x550.png 550w, https:\/\/www.antoniporta.com\/wp-content\/uploads\/2024\/01\/PBlaus-copia-500x500.png 500w, https:\/\/www.antoniporta.com\/wp-content\/uploads\/2024\/01\/PBlaus-copia-1000x1000.png 1000w, https:\/\/www.antoniporta.com\/wp-content\/uploads\/2024\/01\/PBlaus-copia-700x700.png 700w, https:\/\/www.antoniporta.com\/wp-content\/uploads\/2024\/01\/PBlaus-copia-650x650.png 650w, https:\/\/www.antoniporta.com\/wp-content\/uploads\/2024\/01\/PBlaus-copia.png 1080w\" sizes=\"(max-width: 1024px) 100vw, 1024px\" \/>\t\t\t\t\t\t\t\t\t\t\t\t\t\t\t<\/div>\n\t\t\t\t<\/div>\n\t\t\t\t<div class=\"elementor-element elementor-element-681bf310 elementor-widget elementor-widget-text-editor\" data-id=\"681bf310\" data-element_type=\"widget\" data-widget_type=\"text-editor.default\">\n\t\t\t\t<div class=\"elementor-widget-container\">\n\t\t\t\t\t\t\t\t\t<p>Dispone de media hora de parking gratuito en cualquiera de los \u201cParkings Azules\u201d<\/p>\n\t\t\t\t\t\t\t\t<\/div>\n\t\t\t\t<\/div>\n\t\t\t\t\t<\/div>\n\t\t<\/div>\n\t\t\t\t<div class=\"elementor-column elementor-col-33 elementor-inner-column elementor-element elementor-element-6e0145b4\" data-id=\"6e0145b4\" data-element_type=\"column\">\n\t\t\t<div class=\"elementor-widget-wrap elementor-element-populated\">\n\t\t\t\t\t\t<div class=\"elementor-element elementor-element-4cc50260 elementor-widget elementor-widget-image\" data-id=\"4cc50260\" data-element_type=\"widget\" data-widget_type=\"image.default\">\n\t\t\t\t<div class=\"elementor-widget-container\">\n\t\t\t\t\t\t\t\t\t\t\t\t\t\t\t<img loading=\"lazy\" decoding=\"async\" width=\"982\" height=\"1024\" src=\"https:\/\/www.antoniporta.com\/wp-content\/uploads\/2024\/01\/arreglos-982x1024.jpg\" class=\"attachment-large size-large wp-image-1335\" alt=\"\" srcset=\"https:\/\/www.antoniporta.com\/wp-content\/uploads\/2024\/01\/arreglos-982x1024.jpg 982w, https:\/\/www.antoniporta.com\/wp-content\/uploads\/2024\/01\/arreglos-288x300.jpg 288w, https:\/\/www.antoniporta.com\/wp-content\/uploads\/2024\/01\/arreglos-768x801.jpg 768w, https:\/\/www.antoniporta.com\/wp-content\/uploads\/2024\/01\/arreglos-1473x1536.jpg 1473w, https:\/\/www.antoniporta.com\/wp-content\/uploads\/2024\/01\/arreglos-1964x2048.jpg 1964w, https:\/\/www.antoniporta.com\/wp-content\/uploads\/2024\/01\/arreglos-700x730.jpg 700w, https:\/\/www.antoniporta.com\/wp-content\/uploads\/2024\/01\/arreglos-1100x1147.jpg 1100w\" sizes=\"(max-width: 982px) 100vw, 982px\" \/>\t\t\t\t\t\t\t\t\t\t\t\t\t\t\t<\/div>\n\t\t\t\t<\/div>\n\t\t\t\t<div class=\"elementor-element elementor-element-6391a82f elementor-widget elementor-widget-text-editor\" data-id=\"6391a82f\" data-element_type=\"widget\" data-widget_type=\"text-editor.default\">\n\t\t\t\t<div class=\"elementor-widget-container\">\n\t\t\t\t\t\t\t\t\t<p>Taller propio. Reparaci\u00f3n y compostura gratuita en todos los productos.<\/p>\n\t\t\t\t\t\t\t\t<\/div>\n\t\t\t\t<\/div>\n\t\t\t\t\t<\/div>\n\t\t<\/div>\n\t\t\t\t\t<\/div>\n\t\t<\/section>\n\t\t\t\t\t<\/div>\n\t\t<\/div>\n\t\t\t\t\t<\/div>\n\t\t<\/section>\n\t\t\t\t<\/div>\n\t\t","protected":false},"excerpt":{"rendered":"<p>VALORES PORTA Basados \u200b\u200ben la profesionalidad y la honestidad buscamos la confianza del cliente, ofrecemos moda actual de excelente calidad, a buen precio y con el mejor servicio. 3a generaci\u00f3n Actualmente, ya con la tercera generaci\u00f3n Porta y situados en una nueva tienda m\u00e1s grande&#8230;<\/p>\n","protected":false},"author":1,"featured_media":1433,"parent":0,"menu_order":0,"comment_status":"closed","ping_status":"closed","template":"full_width.php","meta":{"_monsterinsights_skip_tracking":false,"_monsterinsights_sitenote_active":false,"_monsterinsights_sitenote_note":"","_monsterinsights_sitenote_category":0,"footnotes":""},"class_list":["post-2286","page","type-page","status-publish","has-post-thumbnail","hentry"],"yoast_head":"<!-- This site is optimized with the Yoast SEO plugin v26.5 - https:\/\/yoast.com\/wordpress\/plugins\/seo\/ -->\n<title>Moda casual, ceremonia y sastrer\u00eda en Granollers - Antoni Porta<\/title>\n<meta name=\"description\" content=\"En una misma tienda puedes encontrar moda casual e informal y una l\u00ednea m\u00e1s cl\u00e1sica para ocasiones especiales.\" \/>\n<meta name=\"robots\" content=\"index, follow, max-snippet:-1, max-image-preview:large, max-video-preview:-1\" \/>\n<link rel=\"canonical\" href=\"https:\/\/www.antoniporta.com\/es\/desde-1932-2\/\" \/>\n<meta property=\"og:locale\" content=\"es_ES\" \/>\n<meta property=\"og:type\" content=\"article\" \/>\n<meta property=\"og:title\" content=\"Moda casual, ceremonia y sastrer\u00eda en Granollers - Antoni Porta\" \/>\n<meta property=\"og:description\" content=\"En una misma tienda puedes encontrar moda casual e informal y una l\u00ednea m\u00e1s cl\u00e1sica para ocasiones especiales.\" \/>\n<meta property=\"og:url\" content=\"https:\/\/www.antoniporta.com\/es\/desde-1932-2\/\" \/>\n<meta property=\"og:site_name\" content=\"Antoni Porta\" \/>\n<meta property=\"article:publisher\" content=\"https:\/\/www.facebook.com\/Porta1936\/\" \/>\n<meta property=\"article:modified_time\" content=\"2024-02-22T12:23:39+00:00\" \/>\n<meta property=\"og:image\" content=\"https:\/\/www.antoniporta.com\/wp-content\/uploads\/2024\/01\/porta-ilus-3.jpg\" \/>\n\t<meta property=\"og:image:width\" content=\"1100\" \/>\n\t<meta property=\"og:image:height\" content=\"1116\" \/>\n\t<meta property=\"og:image:type\" content=\"image\/jpeg\" \/>\n<meta name=\"twitter:card\" content=\"summary_large_image\" \/>\n<meta name=\"twitter:site\" content=\"@PORTAgranollers\" \/>\n<meta name=\"twitter:label1\" content=\"Tiempo de lectura\" \/>\n\t<meta name=\"twitter:data1\" content=\"1 minuto\" \/>\n<script type=\"application\/ld+json\" class=\"yoast-schema-graph\">{\"@context\":\"https:\/\/schema.org\",\"@graph\":[{\"@type\":\"WebPage\",\"@id\":\"https:\/\/www.antoniporta.com\/es\/desde-1932-2\/\",\"url\":\"https:\/\/www.antoniporta.com\/es\/desde-1932-2\/\",\"name\":\"Moda casual, ceremonia y sastrer\u00eda en Granollers - Antoni Porta\",\"isPartOf\":{\"@id\":\"https:\/\/www.antoniporta.com\/es\/#website\"},\"primaryImageOfPage\":{\"@id\":\"https:\/\/www.antoniporta.com\/es\/desde-1932-2\/#primaryimage\"},\"image\":{\"@id\":\"https:\/\/www.antoniporta.com\/es\/desde-1932-2\/#primaryimage\"},\"thumbnailUrl\":\"https:\/\/www.antoniporta.com\/wp-content\/uploads\/2024\/01\/porta-ilus-3.jpg\",\"datePublished\":\"2024-02-20T13:20:35+00:00\",\"dateModified\":\"2024-02-22T12:23:39+00:00\",\"description\":\"En una misma tienda puedes encontrar moda casual e informal y una l\u00ednea m\u00e1s cl\u00e1sica para ocasiones especiales.\",\"breadcrumb\":{\"@id\":\"https:\/\/www.antoniporta.com\/es\/desde-1932-2\/#breadcrumb\"},\"inLanguage\":\"es\",\"potentialAction\":[{\"@type\":\"ReadAction\",\"target\":[\"https:\/\/www.antoniporta.com\/es\/desde-1932-2\/\"]}]},{\"@type\":\"ImageObject\",\"inLanguage\":\"es\",\"@id\":\"https:\/\/www.antoniporta.com\/es\/desde-1932-2\/#primaryimage\",\"url\":\"https:\/\/www.antoniporta.com\/wp-content\/uploads\/2024\/01\/porta-ilus-3.jpg\",\"contentUrl\":\"https:\/\/www.antoniporta.com\/wp-content\/uploads\/2024\/01\/porta-ilus-3.jpg\",\"width\":1100,\"height\":1116},{\"@type\":\"BreadcrumbList\",\"@id\":\"https:\/\/www.antoniporta.com\/es\/desde-1932-2\/#breadcrumb\",\"itemListElement\":[{\"@type\":\"ListItem\",\"position\":1,\"name\":\"Inici\",\"item\":\"https:\/\/www.antoniporta.com\/es\/\"},{\"@type\":\"ListItem\",\"position\":2,\"name\":\"Desde 1932\"}]},{\"@type\":\"WebSite\",\"@id\":\"https:\/\/www.antoniporta.com\/es\/#website\",\"url\":\"https:\/\/www.antoniporta.com\/es\/\",\"name\":\"Antoni Porta\",\"description\":\"Ropa para hombre desde 1932\",\"publisher\":{\"@id\":\"https:\/\/www.antoniporta.com\/es\/#organization\"},\"potentialAction\":[{\"@type\":\"SearchAction\",\"target\":{\"@type\":\"EntryPoint\",\"urlTemplate\":\"https:\/\/www.antoniporta.com\/es\/?s={search_term_string}\"},\"query-input\":{\"@type\":\"PropertyValueSpecification\",\"valueRequired\":true,\"valueName\":\"search_term_string\"}}],\"inLanguage\":\"es\"},{\"@type\":\"Organization\",\"@id\":\"https:\/\/www.antoniporta.com\/es\/#organization\",\"name\":\"Antoni Porta\",\"url\":\"https:\/\/www.antoniporta.com\/es\/\",\"logo\":{\"@type\":\"ImageObject\",\"inLanguage\":\"es\",\"@id\":\"https:\/\/www.antoniporta.com\/es\/#\/schema\/logo\/image\/\",\"url\":\"https:\/\/www.antoniporta.com\/wp-content\/uploads\/2024\/01\/etiqueta-porta-square.png\",\"contentUrl\":\"https:\/\/www.antoniporta.com\/wp-content\/uploads\/2024\/01\/etiqueta-porta-square.png\",\"width\":500,\"height\":453,\"caption\":\"Antoni Porta\"},\"image\":{\"@id\":\"https:\/\/www.antoniporta.com\/es\/#\/schema\/logo\/image\/\"},\"sameAs\":[\"https:\/\/www.facebook.com\/Porta1936\/\",\"https:\/\/x.com\/PORTAgranollers\",\"http:\/\/www.youtube.com\/user\/Portamodagranollers\",\"https:\/\/www.instagram.com\/portamodagranollers\/\"]}]}<\/script>\n<!-- \/ Yoast SEO plugin. -->","yoast_head_json":{"title":"Moda casual, ceremonia y sastrer\u00eda en Granollers - Antoni Porta","description":"En una misma tienda puedes encontrar moda casual e informal y una l\u00ednea m\u00e1s cl\u00e1sica para ocasiones especiales.","robots":{"index":"index","follow":"follow","max-snippet":"max-snippet:-1","max-image-preview":"max-image-preview:large","max-video-preview":"max-video-preview:-1"},"canonical":"https:\/\/www.antoniporta.com\/es\/desde-1932-2\/","og_locale":"es_ES","og_type":"article","og_title":"Moda casual, ceremonia y sastrer\u00eda en Granollers - Antoni Porta","og_description":"En una misma tienda puedes encontrar moda casual e informal y una l\u00ednea m\u00e1s cl\u00e1sica para ocasiones especiales.","og_url":"https:\/\/www.antoniporta.com\/es\/desde-1932-2\/","og_site_name":"Antoni Porta","article_publisher":"https:\/\/www.facebook.com\/Porta1936\/","article_modified_time":"2024-02-22T12:23:39+00:00","og_image":[{"width":1100,"height":1116,"url":"https:\/\/www.antoniporta.com\/wp-content\/uploads\/2024\/01\/porta-ilus-3.jpg","type":"image\/jpeg"}],"twitter_card":"summary_large_image","twitter_site":"@PORTAgranollers","twitter_misc":{"Tiempo de lectura":"1 minuto"},"schema":{"@context":"https:\/\/schema.org","@graph":[{"@type":"WebPage","@id":"https:\/\/www.antoniporta.com\/es\/desde-1932-2\/","url":"https:\/\/www.antoniporta.com\/es\/desde-1932-2\/","name":"Moda casual, ceremonia y sastrer\u00eda en Granollers - Antoni Porta","isPartOf":{"@id":"https:\/\/www.antoniporta.com\/es\/#website"},"primaryImageOfPage":{"@id":"https:\/\/www.antoniporta.com\/es\/desde-1932-2\/#primaryimage"},"image":{"@id":"https:\/\/www.antoniporta.com\/es\/desde-1932-2\/#primaryimage"},"thumbnailUrl":"https:\/\/www.antoniporta.com\/wp-content\/uploads\/2024\/01\/porta-ilus-3.jpg","datePublished":"2024-02-20T13:20:35+00:00","dateModified":"2024-02-22T12:23:39+00:00","description":"En una misma tienda puedes encontrar moda casual e informal y una l\u00ednea m\u00e1s cl\u00e1sica para ocasiones especiales.","breadcrumb":{"@id":"https:\/\/www.antoniporta.com\/es\/desde-1932-2\/#breadcrumb"},"inLanguage":"es","potentialAction":[{"@type":"ReadAction","target":["https:\/\/www.antoniporta.com\/es\/desde-1932-2\/"]}]},{"@type":"ImageObject","inLanguage":"es","@id":"https:\/\/www.antoniporta.com\/es\/desde-1932-2\/#primaryimage","url":"https:\/\/www.antoniporta.com\/wp-content\/uploads\/2024\/01\/porta-ilus-3.jpg","contentUrl":"https:\/\/www.antoniporta.com\/wp-content\/uploads\/2024\/01\/porta-ilus-3.jpg","width":1100,"height":1116},{"@type":"BreadcrumbList","@id":"https:\/\/www.antoniporta.com\/es\/desde-1932-2\/#breadcrumb","itemListElement":[{"@type":"ListItem","position":1,"name":"Inici","item":"https:\/\/www.antoniporta.com\/es\/"},{"@type":"ListItem","position":2,"name":"Desde 1932"}]},{"@type":"WebSite","@id":"https:\/\/www.antoniporta.com\/es\/#website","url":"https:\/\/www.antoniporta.com\/es\/","name":"Antoni Porta","description":"Ropa para hombre desde 1932","publisher":{"@id":"https:\/\/www.antoniporta.com\/es\/#organization"},"potentialAction":[{"@type":"SearchAction","target":{"@type":"EntryPoint","urlTemplate":"https:\/\/www.antoniporta.com\/es\/?s={search_term_string}"},"query-input":{"@type":"PropertyValueSpecification","valueRequired":true,"valueName":"search_term_string"}}],"inLanguage":"es"},{"@type":"Organization","@id":"https:\/\/www.antoniporta.com\/es\/#organization","name":"Antoni Porta","url":"https:\/\/www.antoniporta.com\/es\/","logo":{"@type":"ImageObject","inLanguage":"es","@id":"https:\/\/www.antoniporta.com\/es\/#\/schema\/logo\/image\/","url":"https:\/\/www.antoniporta.com\/wp-content\/uploads\/2024\/01\/etiqueta-porta-square.png","contentUrl":"https:\/\/www.antoniporta.com\/wp-content\/uploads\/2024\/01\/etiqueta-porta-square.png","width":500,"height":453,"caption":"Antoni Porta"},"image":{"@id":"https:\/\/www.antoniporta.com\/es\/#\/schema\/logo\/image\/"},"sameAs":["https:\/\/www.facebook.com\/Porta1936\/","https:\/\/x.com\/PORTAgranollers","http:\/\/www.youtube.com\/user\/Portamodagranollers","https:\/\/www.instagram.com\/portamodagranollers\/"]}]}},"_links":{"self":[{"href":"https:\/\/www.antoniporta.com\/es\/wp-json\/wp\/v2\/pages\/2286","targetHints":{"allow":["GET"]}}],"collection":[{"href":"https:\/\/www.antoniporta.com\/es\/wp-json\/wp\/v2\/pages"}],"about":[{"href":"https:\/\/www.antoniporta.com\/es\/wp-json\/wp\/v2\/types\/page"}],"author":[{"embeddable":true,"href":"https:\/\/www.antoniporta.com\/es\/wp-json\/wp\/v2\/users\/1"}],"replies":[{"embeddable":true,"href":"https:\/\/www.antoniporta.com\/es\/wp-json\/wp\/v2\/comments?post=2286"}],"version-history":[{"count":3,"href":"https:\/\/www.antoniporta.com\/es\/wp-json\/wp\/v2\/pages\/2286\/revisions"}],"predecessor-version":[{"id":2345,"href":"https:\/\/www.antoniporta.com\/es\/wp-json\/wp\/v2\/pages\/2286\/revisions\/2345"}],"wp:featuredmedia":[{"embeddable":true,"href":"https:\/\/www.antoniporta.com\/es\/wp-json\/wp\/v2\/media\/1433"}],"wp:attachment":[{"href":"https:\/\/www.antoniporta.com\/es\/wp-json\/wp\/v2\/media?parent=2286"}],"curies":[{"name":"wp","href":"https:\/\/api.w.org\/{rel}","templated":true}]}}